{"id":28813,"date":"2024-07-17T14:35:29","date_gmt":"2024-07-17T12:35:29","guid":{"rendered":"https:\/\/www.lebaldescreateurs.com\/hair-salon-geneva\/alan-garcia\/"},"modified":"2024-11-20T15:01:04","modified_gmt":"2024-11-20T14:01:04","slug":"alan-garcia","status":"publish","type":"page","link":"https:\/\/www.lebaldescreateurs.com\/en\/hair-salon-geneva\/alan-garcia\/","title":{"rendered":"Alan Garcia"},"content":{"rendered":"\t\t<div data-elementor-type=\"wp-page\" data-elementor-id=\"28813\" class=\"elementor elementor-28813 elementor-28335\" data-elementor-post-type=\"page\">\n\t\t\t\t\t\t<section class=\"elementor-section elementor-top-section elementor-element elementor-element-13ecce73 elementor-section-content-middle elementor-section-height-min-height elementor-section-full_width elementor-section-items-stretch elementor-section-stretched elementor-reverse-mobile elementor-reverse-tablet elementor-section-height-default wpr-particle-no wpr-jarallax-no wpr-parallax-no wpr-sticky-section-no wpr-equal-height-no qodef-elementor-content-no qodef-elementor-overlay-no\" data-id=\"13ecce73\" data-element_type=\"section\" data-e-type=\"section\" data-settings=\"{&quot;background_background&quot;:&quot;classic&quot;,&quot;stretch_section&quot;:&quot;section-stretched&quot;}\">\n\t\t\t\t\t\t<div class=\"elementor-container elementor-column-gap-no\">\n\t\t\t\t\t<div class=\"elementor-column elementor-col-50 elementor-top-column elementor-element elementor-element-a36e259\" data-id=\"a36e259\" data-element_type=\"column\" data-e-type=\"column\">\n\t\t\t<div class=\"elementor-widget-wrap elementor-element-populated\">\n\t\t\t\t\t\t<div class=\"elementor-element elementor-element-95a0717 elementor-widget elementor-widget-tobel_core_section_title\" data-id=\"95a0717\" data-element_type=\"widget\" data-e-type=\"widget\" data-widget_type=\"tobel_core_section_title.default\">\n\t\t\t\t<div class=\"elementor-widget-container\">\n\t\t\t\t\t<div class=\"qodef-shortcode qodef-m  qodef-section-title qodef-alignment--left \">\n\t\t<p class=\"qodef-m-subtitle\" style=\"font-size: 50px\">\n\t\tSenior Stylist\t<\/p>\n\t\t<h1 class=\"qodef-m-title\" >\n\t\t\t\t\tAlan Garcia\t\t\t<\/h1>\n\t<\/div>\n\t\t\t\t<\/div>\n\t\t\t\t<\/div>\n\t\t\t\t<div class=\"elementor-element elementor-element-0a5a633 elementor-widget elementor-widget-text-editor\" data-id=\"0a5a633\" data-element_type=\"widget\" data-e-type=\"widget\" data-widget_type=\"text-editor.default\">\n\t\t\t\t<div class=\"elementor-widget-container\">\n\t\t\t\t\t\t\t\t\t<p>With over 45 years&#8217; experience, Alan is a renowned hairdresser and expert in men&#8217;s and women&#8217;s cuts.<\/p>\n<p>Apprenticed at <em>Charles Inter Coiffure<\/em> in Geneva, he quickly revealed his exceptional talent. In 1979, he refined his innovative techniques at <a href=\"https:\/\/www.sassoon.com\" target=\"_blank\" rel=\"noopener\"><strong>Vidal Sassoon<\/strong><\/a>forging a unique, sophisticated style.<\/p>\n<p>In 1989, Alan confused <em>Parall\u00e8les<\/em> with <a href=\"https:\/\/www.lebaldescreateurs.com\/en\/hair-salon-geneva\/christophe-durand\/\"><strong>Christophe Durand<\/strong><\/a>a venue that has become an essential reference point for Genevans. He trained with masters of hairdressing such as <a href=\"https:\/\/deforges.fr\/atelier\/jean-louis-deforges\/\" target=\"_blank\" rel=\"noopener\"><strong>Jean Louis Deforges<\/strong><\/a><em>Toni &amp; Guy<\/em>, and <strong><a href=\"https:\/\/fr.wikipedia.org\/wiki\/Llu%C3%ADs_Llongueras\" target=\"_blank\" rel=\"noopener\">Lluis Llongueras<\/a><\/strong>keeping abreast of the latest trends.  <\/p>\n<p>For ten years, Alan directed fashion shows for the <strong><a href=\"https:\/\/fondation.cecilebarbierdelaserre.org\/ong\/uncle\/\" target=\"_blank\" rel=\"noopener\"><em>Uncle<\/em><\/a><\/strong> Foundation and the team&#8217;s training sessions, enriching his creativity and sense of detail. <strong>Renowned for his feminine short cuts and curly hair, he favors elegant, modern, natural and easy-to-maintain hairstyles<\/strong>.<\/p>\n<p>Alan speaks Spanish, English, Italian and French, making it easy to communicate with Le Bal&#8217;s international clientele. <a href=\"https:\/\/www.lebaldescreateurs.com\/en\/\"><em>Bal des Cr\u00e9ateurs<\/em><\/a>. His personalized approach and dedication make him a preferred choice <strong>for long-lasting cuts that showcase his expertise<\/strong>.<\/p>\n<p>Alan offers every customer a warm welcome, a unique experience as a <strong>visagist with a strong morpho-psychological background<\/strong>, and exceptional results. His arrival at the <a href=\"https:\/\/www.lebaldescreateurs.com\/en\/\"><em>Bal des Cr\u00e9ateurs<\/em><\/a>alongside his friend <strong>Christophe Durand<\/strong>, is like coming home, allowing creative synergy to shine alongside us!<\/p>\n\t\t\t\t\t\t\t\t<\/div>\n\t\t\t\t<\/div>\n\t\t\t\t<div class=\"elementor-element elementor-element-b6f7c6b elementor-widget-divider--view-line elementor-widget elementor-widget-divider\" data-id=\"b6f7c6b\" data-element_type=\"widget\" data-e-type=\"widget\" data-widget_type=\"divider.default\">\n\t\t\t\t<div class=\"elementor-widget-container\">\n\t\t\t\t\t\t\t<div class=\"elementor-divider\">\n\t\t\t<span class=\"elementor-divider-separator\">\n\t\t\t\t\t\t<\/span>\n\t\t<\/div>\n\t\t\t\t\t\t<\/div>\n\t\t\t\t<\/div>\n\t\t\t\t<div class=\"elementor-element elementor-element-631872e elementor-widget elementor-widget-post-info\" data-id=\"631872e\" data-element_type=\"widget\" data-e-type=\"widget\" data-widget_type=\"post-info.default\">\n\t\t\t\t<div class=\"elementor-widget-container\">\n\t\t\t\t\t\t\t<ul class=\"elementor-icon-list-items elementor-post-info\">\n\t\t\t\t\t\t\t\t<li class=\"elementor-icon-list-item elementor-repeater-item-77a80dc\">\n\t\t\t\t\t\t\t\t\t\t<span class=\"elementor-icon-list-icon\">\n\t\t\t\t\t\t\t\t<i aria-hidden=\"true\" class=\"far fa-clock\"><\/i>\t\t\t\t\t\t\t<\/span>\n\t\t\t\t\t\t\t\t\t<span class=\"elementor-icon-list-text elementor-post-info__item elementor-post-info__item--type-custom\">\n\t\t\t\t\t\t\t\t\t\tDays of presence: Tu, W, Th, F, Sa.\t\t\t\t\t<\/span>\n\t\t\t\t\t\t\t\t<\/li>\n\t\t\t\t<li class=\"elementor-icon-list-item elementor-repeater-item-d4d6903\">\n\t\t\t\t\t\t\t\t\t\t<span class=\"elementor-icon-list-icon\">\n\t\t\t\t\t\t\t\t<i aria-hidden=\"true\" class=\"far fa-comments\"><\/i>\t\t\t\t\t\t\t<\/span>\n\t\t\t\t\t\t\t\t\t<span class=\"elementor-icon-list-text elementor-post-info__item elementor-post-info__item--type-custom\">\n\t\t\t\t\t\t\t\t\t\tLanguages: french, english, spanish, italian\t\t\t\t\t<\/span>\n\t\t\t\t\t\t\t\t<\/li>\n\t\t\t\t<\/ul>\n\t\t\t\t\t\t<\/div>\n\t\t\t\t<\/div>\n\t\t\t\t<div class=\"elementor-element elementor-element-83ba739 elementor-widget__width-inherit elementor-widget-mobile__width-initial elementor-widget elementor-widget-button\" data-id=\"83ba739\" data-element_type=\"widget\" data-e-type=\"widget\" data-widget_type=\"button.default\">\n\t\t\t\t<div class=\"elementor-widget-container\">\n\t\t\t\t\t\t\t\t\t<div class=\"elementor-button-wrapper\">\n\t\t\t\t\t<a class=\"elementor-button elementor-button-link elementor-size-sm\" href=\"https:\/\/salonkee.ch\/salon\/le-bal-des-createurs\/widget\/service?lang=fr\" target=\"_blank\" rel=\"noopener\">\n\t\t\t\t\t\t<span class=\"elementor-button-content-wrapper\">\n\t\t\t\t\t\t\t\t\t<span class=\"elementor-button-text\">Make an appointment<\/span>\n\t\t\t\t\t<\/span>\n\t\t\t\t\t<\/a>\n\t\t\t\t<\/div>\n\t\t\t\t\t\t\t\t<\/div>\n\t\t\t\t<\/div>\n\t\t\t\t\t<\/div>\n\t\t<\/div>\n\t\t\t\t<div class=\"elementor-column elementor-col-50 elementor-top-column elementor-element elementor-element-2ed507e5\" data-id=\"2ed507e5\" data-element_type=\"column\" data-e-type=\"column\" data-settings=\"{&quot;background_background&quot;:&quot;classic&quot;}\">\n\t\t\t<div class=\"elementor-widget-wrap elementor-element-populated\">\n\t\t\t\t\t\t\t<\/div>\n\t\t<\/div>\n\t\t\t\t\t<\/div>\n\t\t<\/section>\n\t\t\t\t<section class=\"elementor-section elementor-top-section elementor-element elementor-element-564eccd elementor-section-full_width qodef-elementor-content-grid elementor-section-stretched elementor-section-height-default elementor-section-height-default wpr-particle-no wpr-jarallax-no wpr-parallax-no wpr-sticky-section-no wpr-equal-height-no qodef-elementor-overlay-no\" data-id=\"564eccd\" data-element_type=\"section\" data-e-type=\"section\" data-settings=\"{&quot;stretch_section&quot;:&quot;section-stretched&quot;}\">\n\t\t\t\t\t\t<div class=\"elementor-container elementor-column-gap-default\">\n\t\t\t\t\t<div class=\"elementor-column elementor-col-100 elementor-top-column elementor-element elementor-element-34c3880\" data-id=\"34c3880\" data-element_type=\"column\" data-e-type=\"column\">\n\t\t\t<div class=\"elementor-widget-wrap elementor-element-populated\">\n\t\t\t\t\t\t<div class=\"elementor-element elementor-element-fc030f3 elementor-widget elementor-widget-tobel_core_section_title\" data-id=\"fc030f3\" data-element_type=\"widget\" data-e-type=\"widget\" data-widget_type=\"tobel_core_section_title.default\">\n\t\t\t\t<div class=\"elementor-widget-container\">\n\t\t\t\t\t<div class=\"qodef-shortcode qodef-m  qodef-section-title qodef-alignment--left \">\n\t\t<p class=\"qodef-m-subtitle\" style=\"margin-bottom: 1px;font-size: 50px\">\n\t\tServices\t<\/p>\n\t\t<h2 class=\"qodef-m-title\" >\n\t\t\t\t\tAlan Garcia\t\t\t<\/h2>\n\t<\/div>\n\t\t\t\t<\/div>\n\t\t\t\t<\/div>\n\t\t\t\t\t<\/div>\n\t\t<\/div>\n\t\t\t\t\t<\/div>\n\t\t<\/section>\n\t\t\t\t<section class=\"elementor-section elementor-top-section elementor-element elementor-element-c379544 elementor-section-full_width qodef-elementor-content-grid qodef-extended-grid qodef-extended-grid--right elementor-section-stretched elementor-hidden-tablet elementor-hidden-mobile elementor-section-height-default elementor-section-height-default wpr-particle-no wpr-jarallax-no wpr-parallax-no wpr-sticky-section-no wpr-equal-height-no qodef-elementor-overlay-no\" data-id=\"c379544\" data-element_type=\"section\" data-e-type=\"section\" data-settings=\"{&quot;stretch_section&quot;:&quot;section-stretched&quot;}\">\n\t\t\t\t\t\t<div class=\"elementor-container elementor-column-gap-default\">\n\t\t\t\t\t<div class=\"elementor-column elementor-col-100 elementor-top-column elementor-element elementor-element-1ea3565\" data-id=\"1ea3565\" data-element_type=\"column\" data-e-type=\"column\" id=\"Alan\">\n\t\t\t<div class=\"elementor-widget-wrap elementor-element-populated\">\n\t\t\t\t\t\t<div class=\"elementor-element elementor-element-a48eab6 elementor-hidden-tablet elementor-hidden-mobile service elementor-widget elementor-widget-tobel_core_portfolio_list\" data-id=\"a48eab6\" data-element_type=\"widget\" data-e-type=\"widget\" id=\"Alan\" data-widget_type=\"tobel_core_portfolio_list.default\">\n\t\t\t\t<div class=\"elementor-widget-container\">\n\t\t\t\t\t\t\t<div class=\"qodef-content-grid qodef-swiper-nav-holder\">\n\t\t\t\t<div class=\"swiper-button-prev swiper-button-outside swiper-button-prev-610\"><svg class=\"qodef-main-arrow\" xmlns=\"http:\/\/www.w3.org\/2000\/svg\" xmlns:xlink=\"http:\/\/www.w3.org\/1999\/xlink\" x=\"0px\" y=\"0px\" viewBox=\"0 0 38 12\" xml:space=\"preserve\"><polygon points=\"38,5.37 1.5,5.37 8.21,0.54 7.87,0 0,5.68 7.61,12 7.98,11.49 1.4,6.02 38,6.02 \"\/><\/svg><svg class=\"qodef-fake-arrow\" xmlns=\"http:\/\/www.w3.org\/2000\/svg\" xmlns:xlink=\"http:\/\/www.w3.org\/1999\/xlink\" x=\"0px\" y=\"0px\" viewBox=\"0 0 38 12\" xml:space=\"preserve\"><polygon points=\"38,5.37 1.5,5.37 8.21,0.54 7.87,0 0,5.68 7.61,12 7.98,11.49 1.4,6.02 38,6.02 \"\/><\/svg><\/div>\n\t<div class=\"swiper-button-next swiper-button-outside swiper-button-next-610\"><svg class=\"qodef-main-arrow\" xmlns=\"http:\/\/www.w3.org\/2000\/svg\" xmlns:xlink=\"http:\/\/www.w3.org\/1999\/xlink\" x=\"0px\" y=\"0px\" viewBox=\"0 0 38 12\" xml:space=\"preserve\"><polygon points=\"0,5.37 36.49,5.37 29.79,0.54 30.13,0 38,5.68 30.38,12 30.01,11.49 36.6,6.02 0,6.02 \"\/><\/svg><svg class=\"qodef-fake-arrow\" xmlns=\"http:\/\/www.w3.org\/2000\/svg\" xmlns:xlink=\"http:\/\/www.w3.org\/1999\/xlink\" x=\"0px\" y=\"0px\" viewBox=\"0 0 38 12\" xml:space=\"preserve\"><polygon points=\"0,5.37 36.49,5.37 29.79,0.54 30.13,0 38,5.68 30.38,12 30.01,11.49 36.6,6.02 0,6.02 \"\/><\/svg><\/div>\n\t\t<\/div>\n\t<div class=\"qodef-shortcode qodef-m Alan qodef-portfolio-list qodef-item-layout--info-on-hover qodef-grid qodef-swiper-container  qodef-gutter--normal qodef-col-num--3  qodef-item-layout--info-on-hover qodef--no-bottom-space qodef-pagination--off qodef-responsive--custom qodef-col-num--1440--3 qodef-col-num--1366--3 qodef-col-num--1024--3 qodef-col-num--768--2 qodef-col-num--680--1 qodef-col-num--480--1 qodef-hover-animation--fade-in\" data-options=\"{&quot;effect&quot;:&quot;slide&quot;,&quot;sliderScroll&quot;:false,&quot;slidesPerGroup&quot;:&quot;&quot;,&quot;centeredSlides&quot;:false,&quot;slidesPerView&quot;:&quot;3&quot;,&quot;spaceBetween&quot;:30,&quot;loop&quot;:true,&quot;autoplay&quot;:true,&quot;speed&quot;:&quot;&quot;,&quot;speedAnimation&quot;:&quot;&quot;,&quot;customStages&quot;:true,&quot;slidesPerView1440&quot;:&quot;3&quot;,&quot;slidesPerView1366&quot;:&quot;3&quot;,&quot;slidesPerView1024&quot;:&quot;3&quot;,&quot;slidesPerView768&quot;:&quot;2&quot;,&quot;slidesPerView680&quot;:&quot;1&quot;,&quot;slidesPerView480&quot;:&quot;1&quot;,&quot;outsideNavigation&quot;:&quot;yes&quot;,&quot;unique&quot;:610}\">\n\t<div class=\"swiper-wrapper\">\n\t\t<article class=\"qodef-e swiper-slide qodef-item--custom post-31975 portfolio-item type-portfolio-item status-publish has-post-thumbnail hentry portfolio-category-alan-en portfolio-category-bryan-en portfolio-category-cherif-en portfolio-category-christophe-en portfolio-category-darya-en portfolio-category-guillaume-en portfolio-category-hair-salon-2 portfolio-category-hairdressing portfolio-category-johan-en portfolio-category-jonathan-en portfolio-category-kevin-en portfolio-category-laura-en portfolio-category-mila-en portfolio-category-shannon-en portfolio-category-sophie-lou-en portfolio-category-virginie-en\">\n\t<div class=\"qodef-e-inner\" >\n\t\t\t<div class=\"qodef-e-media-image qodef--background qodef-image--main\" style=\"background-image: url( https:\/\/www.lebaldescreateurs.com\/wp-content\/uploads\/2023\/04\/Coupe-femme-scaled.jpg)\">\n\t\t<img fetchpriority=\"high\" decoding=\"async\" width=\"2560\" height=\"1709\" src=\"https:\/\/www.lebaldescreateurs.com\/wp-content\/uploads\/2023\/04\/Coupe-femme-scaled.jpg\" class=\"attachment-custom size-custom wp-post-image\" alt=\"\" srcset=\"https:\/\/www.lebaldescreateurs.com\/wp-content\/uploads\/2023\/04\/Coupe-femme-scaled.jpg 2560w, https:\/\/www.lebaldescreateurs.com\/wp-content\/uploads\/2023\/04\/Coupe-femme-300x200.jpg 300w, https:\/\/www.lebaldescreateurs.com\/wp-content\/uploads\/2023\/04\/Coupe-femme-1024x683.jpg 1024w, https:\/\/www.lebaldescreateurs.com\/wp-content\/uploads\/2023\/04\/Coupe-femme-768x513.jpg 768w, https:\/\/www.lebaldescreateurs.com\/wp-content\/uploads\/2023\/04\/Coupe-femme-1536x1025.jpg 1536w, https:\/\/www.lebaldescreateurs.com\/wp-content\/uploads\/2023\/04\/Coupe-femme-2048x1367.jpg 2048w, https:\/\/www.lebaldescreateurs.com\/wp-content\/uploads\/2023\/04\/Coupe-femme-600x400.jpg 600w\" sizes=\"(max-width: 2560px) 100vw, 2560px\" \/>\t<\/div>\n\t\t<div class=\"qodef-e-content\">\n\t\t\t<div class=\"qodef-e-text\">\n\t\t\t\t<h3 itemprop=\"name\" class=\"qodef-e-title entry-title\" >\n\t<a itemprop=\"url\" class=\"qodef-e-title-link\" href=\"https:\/\/www.lebaldescreateurs.com\/en\/portfolio-item\/womens-haircut-packages\/\">\n\t\tWomen&#8217;s haircut packages\t<\/a>\n<\/h3>\n\t\t\t<\/div>\n\t\t\t<div class=\"qodef-e-info\">\n\t\t\t\t\t<a href=\"https:\/\/www.lebaldescreateurs.com\/en\/portfolio-category\/alan-en\/\" rel=\"tag\">Alan<\/a><span class=\"qodef-info-separator-single\"><\/span><a href=\"https:\/\/www.lebaldescreateurs.com\/en\/portfolio-category\/bryan-en\/\" rel=\"tag\">Bryan<\/a><span class=\"qodef-info-separator-single\"><\/span><a href=\"https:\/\/www.lebaldescreateurs.com\/en\/portfolio-category\/cherif-en\/\" rel=\"tag\">Cherif<\/a><span class=\"qodef-info-separator-single\"><\/span><a href=\"https:\/\/www.lebaldescreateurs.com\/en\/portfolio-category\/christophe-en\/\" rel=\"tag\">Christophe<\/a><span class=\"qodef-info-separator-single\"><\/span><a href=\"https:\/\/www.lebaldescreateurs.com\/en\/portfolio-category\/darya-en\/\" rel=\"tag\">Darya<\/a><span class=\"qodef-info-separator-single\"><\/span><a href=\"https:\/\/www.lebaldescreateurs.com\/en\/portfolio-category\/guillaume-en\/\" rel=\"tag\">Guillaume<\/a><span class=\"qodef-info-separator-single\"><\/span><a href=\"https:\/\/www.lebaldescreateurs.com\/en\/portfolio-category\/hair-salon-2\/\" rel=\"tag\">Hair Salon<\/a><span class=\"qodef-info-separator-single\"><\/span><a href=\"https:\/\/www.lebaldescreateurs.com\/en\/portfolio-category\/hairdressing\/\" rel=\"tag\">Hairdressing<\/a><span class=\"qodef-info-separator-single\"><\/span><a href=\"https:\/\/www.lebaldescreateurs.com\/en\/portfolio-category\/johan-en\/\" rel=\"tag\">Johan<\/a><span class=\"qodef-info-separator-single\"><\/span><a href=\"https:\/\/www.lebaldescreateurs.com\/en\/portfolio-category\/jonathan-en\/\" rel=\"tag\">Jonathan<\/a><span class=\"qodef-info-separator-single\"><\/span><a href=\"https:\/\/www.lebaldescreateurs.com\/en\/portfolio-category\/kevin-en\/\" rel=\"tag\">Kevin<\/a><span class=\"qodef-info-separator-single\"><\/span><a href=\"https:\/\/www.lebaldescreateurs.com\/en\/portfolio-category\/laura-en\/\" rel=\"tag\">Laura<\/a><span class=\"qodef-info-separator-single\"><\/span><a href=\"https:\/\/www.lebaldescreateurs.com\/en\/portfolio-category\/mila-en\/\" rel=\"tag\">Mila<\/a><span class=\"qodef-info-separator-single\"><\/span><a href=\"https:\/\/www.lebaldescreateurs.com\/en\/portfolio-category\/shannon-en\/\" rel=\"tag\">Shannon<\/a><span class=\"qodef-info-separator-single\"><\/span><a href=\"https:\/\/www.lebaldescreateurs.com\/en\/portfolio-category\/sophie-lou-en\/\" rel=\"tag\">Sophie-Lou<\/a><span class=\"qodef-info-separator-single\"><\/span><a href=\"https:\/\/www.lebaldescreateurs.com\/en\/portfolio-category\/virginie-en\/\" rel=\"tag\">Virginie<\/a>\t<div class=\"qodef-info-separator-end\"><\/div>\n\t\t\t<\/div>\n\t\t<\/div>\n\t\t<a itemprop=\"url\" class=\"qodef-e-post-link\" href=\"https:\/\/www.lebaldescreateurs.com\/en\/portfolio-item\/womens-haircut-packages\/\"><\/a>\t<\/div>\n<\/article>\n<article class=\"qodef-e swiper-slide qodef-item--custom post-31972 portfolio-item type-portfolio-item status-publish has-post-thumbnail hentry portfolio-category-alan-en portfolio-category-christophe-en portfolio-category-hair-salon-2 portfolio-category-hairdressing portfolio-category-johan-en\">\n\t<div class=\"qodef-e-inner\" >\n\t\t\t<div class=\"qodef-e-media-image qodef--background qodef-image--main\" style=\"background-image: url( https:\/\/www.lebaldescreateurs.com\/wp-content\/uploads\/2023\/05\/le_bal_des_createurs_geneve_fitagem_expeert_coupe_cheveux_boucles-scaled.jpg)\">\n\t\t<img decoding=\"async\" width=\"1709\" height=\"2560\" src=\"https:\/\/www.lebaldescreateurs.com\/wp-content\/uploads\/2023\/05\/le_bal_des_createurs_geneve_fitagem_expeert_coupe_cheveux_boucles-scaled.jpg\" class=\"attachment-custom size-custom wp-post-image\" alt=\"\" srcset=\"https:\/\/www.lebaldescreateurs.com\/wp-content\/uploads\/2023\/05\/le_bal_des_createurs_geneve_fitagem_expeert_coupe_cheveux_boucles-scaled.jpg 1709w, https:\/\/www.lebaldescreateurs.com\/wp-content\/uploads\/2023\/05\/le_bal_des_createurs_geneve_fitagem_expeert_coupe_cheveux_boucles-200x300.jpg 200w, https:\/\/www.lebaldescreateurs.com\/wp-content\/uploads\/2023\/05\/le_bal_des_createurs_geneve_fitagem_expeert_coupe_cheveux_boucles-683x1024.jpg 683w, https:\/\/www.lebaldescreateurs.com\/wp-content\/uploads\/2023\/05\/le_bal_des_createurs_geneve_fitagem_expeert_coupe_cheveux_boucles-768x1151.jpg 768w, https:\/\/www.lebaldescreateurs.com\/wp-content\/uploads\/2023\/05\/le_bal_des_createurs_geneve_fitagem_expeert_coupe_cheveux_boucles-1025x1536.jpg 1025w, https:\/\/www.lebaldescreateurs.com\/wp-content\/uploads\/2023\/05\/le_bal_des_createurs_geneve_fitagem_expeert_coupe_cheveux_boucles-1367x2048.jpg 1367w\" sizes=\"(max-width: 1709px) 100vw, 1709px\" \/>\t<\/div>\n\t\t<div class=\"qodef-e-content\">\n\t\t\t<div class=\"qodef-e-text\">\n\t\t\t\t<h3 itemprop=\"name\" class=\"qodef-e-title entry-title\" >\n\t<a itemprop=\"url\" class=\"qodef-e-title-link\" href=\"https:\/\/www.lebaldescreateurs.com\/en\/portfolio-item\/cut-fitagem-styling-for-curly-hair\/\">\n\t\tCut + fitagem (styling for curly hair)\t<\/a>\n<\/h3>\n\t\t\t<\/div>\n\t\t\t<div class=\"qodef-e-info\">\n\t\t\t\t\t<a href=\"https:\/\/www.lebaldescreateurs.com\/en\/portfolio-category\/alan-en\/\" rel=\"tag\">Alan<\/a><span class=\"qodef-info-separator-single\"><\/span><a href=\"https:\/\/www.lebaldescreateurs.com\/en\/portfolio-category\/christophe-en\/\" rel=\"tag\">Christophe<\/a><span class=\"qodef-info-separator-single\"><\/span><a href=\"https:\/\/www.lebaldescreateurs.com\/en\/portfolio-category\/hair-salon-2\/\" rel=\"tag\">Hair Salon<\/a><span class=\"qodef-info-separator-single\"><\/span><a href=\"https:\/\/www.lebaldescreateurs.com\/en\/portfolio-category\/hairdressing\/\" rel=\"tag\">Hairdressing<\/a><span class=\"qodef-info-separator-single\"><\/span><a href=\"https:\/\/www.lebaldescreateurs.com\/en\/portfolio-category\/johan-en\/\" rel=\"tag\">Johan<\/a>\t<div class=\"qodef-info-separator-end\"><\/div>\n\t\t\t<\/div>\n\t\t<\/div>\n\t\t<a itemprop=\"url\" class=\"qodef-e-post-link\" href=\"https:\/\/www.lebaldescreateurs.com\/en\/portfolio-item\/cut-fitagem-styling-for-curly-hair\/\"><\/a>\t<\/div>\n<\/article>\n<article class=\"qodef-e swiper-slide qodef-item--custom post-31957 portfolio-item type-portfolio-item status-publish has-post-thumbnail hentry portfolio-category-alan-en portfolio-category-cherif-en portfolio-category-christophe-en portfolio-category-guillaume-en portfolio-category-hair-salon-2 portfolio-category-hairdressing portfolio-category-johan-en portfolio-category-kevin-en portfolio-category-mila-en portfolio-category-virginie-en\">\n\t<div class=\"qodef-e-inner\" >\n\t\t\t<div class=\"qodef-e-media-image qodef--background qodef-image--main\" style=\"background-image: url( https:\/\/www.lebaldescreateurs.com\/wp-content\/uploads\/2023\/04\/Coupe-transformation-scaled.jpg)\">\n\t\t<img decoding=\"async\" width=\"2560\" height=\"1709\" src=\"https:\/\/www.lebaldescreateurs.com\/wp-content\/uploads\/2023\/04\/Coupe-transformation-scaled.jpg\" class=\"attachment-custom size-custom wp-post-image\" alt=\"coupe tendance\" srcset=\"https:\/\/www.lebaldescreateurs.com\/wp-content\/uploads\/2023\/04\/Coupe-transformation-scaled.jpg 2560w, https:\/\/www.lebaldescreateurs.com\/wp-content\/uploads\/2023\/04\/Coupe-transformation-300x200.jpg 300w, https:\/\/www.lebaldescreateurs.com\/wp-content\/uploads\/2023\/04\/Coupe-transformation-1024x683.jpg 1024w, https:\/\/www.lebaldescreateurs.com\/wp-content\/uploads\/2023\/04\/Coupe-transformation-768x513.jpg 768w, https:\/\/www.lebaldescreateurs.com\/wp-content\/uploads\/2023\/04\/Coupe-transformation-1536x1025.jpg 1536w, https:\/\/www.lebaldescreateurs.com\/wp-content\/uploads\/2023\/04\/Coupe-transformation-2048x1367.jpg 2048w, https:\/\/www.lebaldescreateurs.com\/wp-content\/uploads\/2023\/04\/Coupe-transformation-600x400.jpg 600w\" sizes=\"(max-width: 2560px) 100vw, 2560px\" \/>\t<\/div>\n\t\t<div class=\"qodef-e-content\">\n\t\t\t<div class=\"qodef-e-text\">\n\t\t\t\t<h3 itemprop=\"name\" class=\"qodef-e-title entry-title\" >\n\t<a itemprop=\"url\" class=\"qodef-e-title-link\" href=\"https:\/\/www.lebaldescreateurs.com\/en\/portfolio-item\/transformation-cut\/\">\n\t\tTransformation Cut\t<\/a>\n<\/h3>\n\t\t\t<\/div>\n\t\t\t<div class=\"qodef-e-info\">\n\t\t\t\t\t<a href=\"https:\/\/www.lebaldescreateurs.com\/en\/portfolio-category\/alan-en\/\" rel=\"tag\">Alan<\/a><span class=\"qodef-info-separator-single\"><\/span><a href=\"https:\/\/www.lebaldescreateurs.com\/en\/portfolio-category\/cherif-en\/\" rel=\"tag\">Cherif<\/a><span class=\"qodef-info-separator-single\"><\/span><a href=\"https:\/\/www.lebaldescreateurs.com\/en\/portfolio-category\/christophe-en\/\" rel=\"tag\">Christophe<\/a><span class=\"qodef-info-separator-single\"><\/span><a href=\"https:\/\/www.lebaldescreateurs.com\/en\/portfolio-category\/guillaume-en\/\" rel=\"tag\">Guillaume<\/a><span class=\"qodef-info-separator-single\"><\/span><a href=\"https:\/\/www.lebaldescreateurs.com\/en\/portfolio-category\/hair-salon-2\/\" rel=\"tag\">Hair Salon<\/a><span class=\"qodef-info-separator-single\"><\/span><a href=\"https:\/\/www.lebaldescreateurs.com\/en\/portfolio-category\/hairdressing\/\" rel=\"tag\">Hairdressing<\/a><span class=\"qodef-info-separator-single\"><\/span><a href=\"https:\/\/www.lebaldescreateurs.com\/en\/portfolio-category\/johan-en\/\" rel=\"tag\">Johan<\/a><span class=\"qodef-info-separator-single\"><\/span><a href=\"https:\/\/www.lebaldescreateurs.com\/en\/portfolio-category\/kevin-en\/\" rel=\"tag\">Kevin<\/a><span class=\"qodef-info-separator-single\"><\/span><a href=\"https:\/\/www.lebaldescreateurs.com\/en\/portfolio-category\/mila-en\/\" rel=\"tag\">Mila<\/a><span class=\"qodef-info-separator-single\"><\/span><a href=\"https:\/\/www.lebaldescreateurs.com\/en\/portfolio-category\/virginie-en\/\" rel=\"tag\">Virginie<\/a>\t<div class=\"qodef-info-separator-end\"><\/div>\n\t\t\t<\/div>\n\t\t<\/div>\n\t\t<a itemprop=\"url\" class=\"qodef-e-post-link\" href=\"https:\/\/www.lebaldescreateurs.com\/en\/portfolio-item\/transformation-cut\/\"><\/a>\t<\/div>\n<\/article>\n<article class=\"qodef-e swiper-slide qodef-item--custom post-31952 portfolio-item type-portfolio-item status-publish has-post-thumbnail hentry portfolio-category-alan-en portfolio-category-bartosz-en portfolio-category-bryan-en portfolio-category-chloe-en portfolio-category-christophe-en portfolio-category-darya-en portfolio-category-francisco-en portfolio-category-guillaume-en portfolio-category-hair-salon-2 portfolio-category-hairdressing portfolio-category-johan-en portfolio-category-jonathan-en portfolio-category-kevin-en portfolio-category-laura-en portfolio-category-mila-en portfolio-category-sophie-lou-en portfolio-category-virginie-en\">\n\t<div class=\"qodef-e-inner\" >\n\t\t\t<div class=\"qodef-e-media-image qodef--background qodef-image--main\" style=\"background-image: url( https:\/\/www.lebaldescreateurs.com\/wp-content\/uploads\/2023\/04\/Couoe-homme-scaled-e1682514026753.jpg)\">\n\t\t<img loading=\"lazy\" decoding=\"async\" width=\"1779\" height=\"1440\" src=\"https:\/\/www.lebaldescreateurs.com\/wp-content\/uploads\/2023\/04\/Couoe-homme-scaled-e1682514026753.jpg\" class=\"attachment-custom size-custom wp-post-image\" alt=\"\" srcset=\"https:\/\/www.lebaldescreateurs.com\/wp-content\/uploads\/2023\/04\/Couoe-homme-scaled-e1682514026753.jpg 1779w, https:\/\/www.lebaldescreateurs.com\/wp-content\/uploads\/2023\/04\/Couoe-homme-scaled-e1682514026753-300x243.jpg 300w, https:\/\/www.lebaldescreateurs.com\/wp-content\/uploads\/2023\/04\/Couoe-homme-scaled-e1682514026753-1024x829.jpg 1024w, https:\/\/www.lebaldescreateurs.com\/wp-content\/uploads\/2023\/04\/Couoe-homme-scaled-e1682514026753-768x622.jpg 768w, https:\/\/www.lebaldescreateurs.com\/wp-content\/uploads\/2023\/04\/Couoe-homme-scaled-e1682514026753-1536x1243.jpg 1536w, https:\/\/www.lebaldescreateurs.com\/wp-content\/uploads\/2023\/04\/Couoe-homme-scaled-e1682514026753-600x486.jpg 600w\" sizes=\"(max-width: 1779px) 100vw, 1779px\" \/>\t<\/div>\n\t\t<div class=\"qodef-e-content\">\n\t\t\t<div class=\"qodef-e-text\">\n\t\t\t\t<h3 itemprop=\"name\" class=\"qodef-e-title entry-title\" >\n\t<a itemprop=\"url\" class=\"qodef-e-title-link\" href=\"https:\/\/www.lebaldescreateurs.com\/en\/portfolio-item\/mens-haircut-packages\/\">\n\t\tMen&#8217;s haircut packages\t<\/a>\n<\/h3>\n\t\t\t<\/div>\n\t\t\t<div class=\"qodef-e-info\">\n\t\t\t\t\t<a href=\"https:\/\/www.lebaldescreateurs.com\/en\/portfolio-category\/alan-en\/\" rel=\"tag\">Alan<\/a><span class=\"qodef-info-separator-single\"><\/span><a href=\"https:\/\/www.lebaldescreateurs.com\/en\/portfolio-category\/bartosz-en\/\" rel=\"tag\">Bartosz<\/a><span class=\"qodef-info-separator-single\"><\/span><a href=\"https:\/\/www.lebaldescreateurs.com\/en\/portfolio-category\/bryan-en\/\" rel=\"tag\">Bryan<\/a><span class=\"qodef-info-separator-single\"><\/span><a href=\"https:\/\/www.lebaldescreateurs.com\/en\/portfolio-category\/chloe-en\/\" rel=\"tag\">Chloe<\/a><span class=\"qodef-info-separator-single\"><\/span><a href=\"https:\/\/www.lebaldescreateurs.com\/en\/portfolio-category\/christophe-en\/\" rel=\"tag\">Christophe<\/a><span class=\"qodef-info-separator-single\"><\/span><a href=\"https:\/\/www.lebaldescreateurs.com\/en\/portfolio-category\/darya-en\/\" rel=\"tag\">Darya<\/a><span class=\"qodef-info-separator-single\"><\/span><a href=\"https:\/\/www.lebaldescreateurs.com\/en\/portfolio-category\/francisco-en\/\" rel=\"tag\">Francisco<\/a><span class=\"qodef-info-separator-single\"><\/span><a href=\"https:\/\/www.lebaldescreateurs.com\/en\/portfolio-category\/guillaume-en\/\" rel=\"tag\">Guillaume<\/a><span class=\"qodef-info-separator-single\"><\/span><a href=\"https:\/\/www.lebaldescreateurs.com\/en\/portfolio-category\/hair-salon-2\/\" rel=\"tag\">Hair Salon<\/a><span class=\"qodef-info-separator-single\"><\/span><a href=\"https:\/\/www.lebaldescreateurs.com\/en\/portfolio-category\/hairdressing\/\" rel=\"tag\">Hairdressing<\/a><span class=\"qodef-info-separator-single\"><\/span><a href=\"https:\/\/www.lebaldescreateurs.com\/en\/portfolio-category\/johan-en\/\" rel=\"tag\">Johan<\/a><span class=\"qodef-info-separator-single\"><\/span><a href=\"https:\/\/www.lebaldescreateurs.com\/en\/portfolio-category\/jonathan-en\/\" rel=\"tag\">Jonathan<\/a><span class=\"qodef-info-separator-single\"><\/span><a href=\"https:\/\/www.lebaldescreateurs.com\/en\/portfolio-category\/kevin-en\/\" rel=\"tag\">Kevin<\/a><span class=\"qodef-info-separator-single\"><\/span><a href=\"https:\/\/www.lebaldescreateurs.com\/en\/portfolio-category\/laura-en\/\" rel=\"tag\">Laura<\/a><span class=\"qodef-info-separator-single\"><\/span><a href=\"https:\/\/www.lebaldescreateurs.com\/en\/portfolio-category\/mila-en\/\" rel=\"tag\">Mila<\/a><span class=\"qodef-info-separator-single\"><\/span><a href=\"https:\/\/www.lebaldescreateurs.com\/en\/portfolio-category\/sophie-lou-en\/\" rel=\"tag\">Sophie-Lou<\/a><span class=\"qodef-info-separator-single\"><\/span><a href=\"https:\/\/www.lebaldescreateurs.com\/en\/portfolio-category\/virginie-en\/\" rel=\"tag\">Virginie<\/a>\t<div class=\"qodef-info-separator-end\"><\/div>\n\t\t\t<\/div>\n\t\t<\/div>\n\t\t<a itemprop=\"url\" class=\"qodef-e-post-link\" href=\"https:\/\/www.lebaldescreateurs.com\/en\/portfolio-item\/mens-haircut-packages\/\"><\/a>\t<\/div>\n<\/article>\n<article class=\"qodef-e swiper-slide qodef-item--custom post-31950 portfolio-item type-portfolio-item status-publish has-post-thumbnail hentry portfolio-category-alan-en portfolio-category-cherif-en portfolio-category-chloe-en portfolio-category-christophe-en portfolio-category-guillaume-en portfolio-category-hair-salon-2 portfolio-category-hairdressing portfolio-category-jonathan-en portfolio-category-kevin-en portfolio-category-laura-en portfolio-category-shannon-en portfolio-category-virginie-en\">\n\t<div class=\"qodef-e-inner\" >\n\t\t\t<div class=\"qodef-e-media-image qodef--background qodef-image--main\" style=\"background-image: url( https:\/\/www.lebaldescreateurs.com\/wp-content\/uploads\/2023\/04\/Creation-coiffage-chignon.jpg)\">\n\t\t<img loading=\"lazy\" decoding=\"async\" width=\"768\" height=\"960\" src=\"https:\/\/www.lebaldescreateurs.com\/wp-content\/uploads\/2023\/04\/Creation-coiffage-chignon.jpg\" class=\"attachment-custom size-custom wp-post-image\" alt=\"\" srcset=\"https:\/\/www.lebaldescreateurs.com\/wp-content\/uploads\/2023\/04\/Creation-coiffage-chignon.jpg 768w, https:\/\/www.lebaldescreateurs.com\/wp-content\/uploads\/2023\/04\/Creation-coiffage-chignon-240x300.jpg 240w, https:\/\/www.lebaldescreateurs.com\/wp-content\/uploads\/2023\/04\/Creation-coiffage-chignon-600x750.jpg 600w\" sizes=\"(max-width: 768px) 100vw, 768px\" \/>\t<\/div>\n\t\t<div class=\"qodef-e-content\">\n\t\t\t<div class=\"qodef-e-text\">\n\t\t\t\t<h3 itemprop=\"name\" class=\"qodef-e-title entry-title\" >\n\t<a itemprop=\"url\" class=\"qodef-e-title-link\" href=\"https:\/\/www.lebaldescreateurs.com\/en\/portfolio-item\/updo\/\">\n\t\tUpdo\t<\/a>\n<\/h3>\n\t\t\t<\/div>\n\t\t\t<div class=\"qodef-e-info\">\n\t\t\t\t\t<a href=\"https:\/\/www.lebaldescreateurs.com\/en\/portfolio-category\/alan-en\/\" rel=\"tag\">Alan<\/a><span class=\"qodef-info-separator-single\"><\/span><a href=\"https:\/\/www.lebaldescreateurs.com\/en\/portfolio-category\/cherif-en\/\" rel=\"tag\">Cherif<\/a><span class=\"qodef-info-separator-single\"><\/span><a href=\"https:\/\/www.lebaldescreateurs.com\/en\/portfolio-category\/chloe-en\/\" rel=\"tag\">Chloe<\/a><span class=\"qodef-info-separator-single\"><\/span><a href=\"https:\/\/www.lebaldescreateurs.com\/en\/portfolio-category\/christophe-en\/\" rel=\"tag\">Christophe<\/a><span class=\"qodef-info-separator-single\"><\/span><a href=\"https:\/\/www.lebaldescreateurs.com\/en\/portfolio-category\/guillaume-en\/\" rel=\"tag\">Guillaume<\/a><span class=\"qodef-info-separator-single\"><\/span><a href=\"https:\/\/www.lebaldescreateurs.com\/en\/portfolio-category\/hair-salon-2\/\" rel=\"tag\">Hair Salon<\/a><span class=\"qodef-info-separator-single\"><\/span><a href=\"https:\/\/www.lebaldescreateurs.com\/en\/portfolio-category\/hairdressing\/\" rel=\"tag\">Hairdressing<\/a><span class=\"qodef-info-separator-single\"><\/span><a href=\"https:\/\/www.lebaldescreateurs.com\/en\/portfolio-category\/jonathan-en\/\" rel=\"tag\">Jonathan<\/a><span class=\"qodef-info-separator-single\"><\/span><a href=\"https:\/\/www.lebaldescreateurs.com\/en\/portfolio-category\/kevin-en\/\" rel=\"tag\">Kevin<\/a><span class=\"qodef-info-separator-single\"><\/span><a href=\"https:\/\/www.lebaldescreateurs.com\/en\/portfolio-category\/laura-en\/\" rel=\"tag\">Laura<\/a><span class=\"qodef-info-separator-single\"><\/span><a href=\"https:\/\/www.lebaldescreateurs.com\/en\/portfolio-category\/shannon-en\/\" rel=\"tag\">Shannon<\/a><span class=\"qodef-info-separator-single\"><\/span><a href=\"https:\/\/www.lebaldescreateurs.com\/en\/portfolio-category\/virginie-en\/\" rel=\"tag\">Virginie<\/a>\t<div class=\"qodef-info-separator-end\"><\/div>\n\t\t\t<\/div>\n\t\t<\/div>\n\t\t<a itemprop=\"url\" class=\"qodef-e-post-link\" href=\"https:\/\/www.lebaldescreateurs.com\/en\/portfolio-item\/updo\/\"><\/a>\t<\/div>\n<\/article>\n\t<\/div>\n\t<\/div>\n\t\t\t\t<\/div>\n\t\t\t\t<\/div>\n\t\t\t\t<div class=\"elementor-element elementor-element-db9fcec elementor-hidden-tablet elementor-hidden-mobile elementor-widget elementor-widget-html\" data-id=\"db9fcec\" data-element_type=\"widget\" data-e-type=\"widget\" data-widget_type=\"html.default\">\n\t\t\t\t<div class=\"elementor-widget-container\">\n\t\t\t\t\t<script>const portfolioContainer = document.getElementById('Alan');\n  const portfolioItems = portfolioContainer.getElementsByClassName('portfolio-item');\n  for (let i = 0; i <portfolioItems.length; i++) { const itemLink = portfolioItems[i].getElementsByTagName('a'); console.log(itemLink); for (let i = 0; i <itemLink.length; i++ ){ if (itemLink[i].className = \"qodef-e-title-link\"){ itemLink[i].href = \"https:\/\/salonkee.ch\/salon\/le-bal-des-createurs\/widget\/service?lang=fr\" } else if (itemLink[i].className = \"qodef-e-post-link\"){ itemLink[i].href = \"https:\/\/salonkee.ch\/salon\/le-bal-des-createurs\/widget\/service?lang=fr\" } } \/*const itemPostLink = itemLink.getElementsByClassName('qodef-e-post-link') itemPostLink.href = 'https:\/\/salonkee.ch\/salon\/le-bal-des-createurs\/widget\/service?lang=fr'*\/ } <\/script>\t\t\t\t<\/div>\n\t\t\t\t<\/div>\n\t\t\t\t\t<\/div>\n\t\t<\/div>\n\t\t\t\t\t<\/div>\n\t\t<\/section>\n\t\t\t\t<section class=\"elementor-section elementor-top-section elementor-element elementor-element-c028406 elementor-section-full_width qodef-elementor-content-grid qodef-extended-grid qodef-extended-grid--right elementor-section-stretched elementor-hidden-desktop elementor-section-height-default elementor-section-height-default wpr-particle-no wpr-jarallax-no wpr-parallax-no wpr-sticky-section-no wpr-equal-height-no qodef-elementor-overlay-no\" data-id=\"c028406\" data-element_type=\"section\" data-e-type=\"section\" data-settings=\"{&quot;stretch_section&quot;:&quot;section-stretched&quot;}\">\n\t\t\t\t\t\t<div class=\"elementor-container elementor-column-gap-default\">\n\t\t\t\t\t<div class=\"elementor-column elementor-col-100 elementor-top-column elementor-element elementor-element-80f6ca8\" data-id=\"80f6ca8\" data-element_type=\"column\" data-e-type=\"column\">\n\t\t\t<div class=\"elementor-widget-wrap elementor-element-populated\">\n\t\t\t\t\t\t<div class=\"elementor-element elementor-element-7b935a7 elementor-hidden-desktop elementor-widget elementor-widget-tobel_core_portfolio_list\" data-id=\"7b935a7\" data-element_type=\"widget\" data-e-type=\"widget\" id=\"christophe-mobile\" data-widget_type=\"tobel_core_portfolio_list.default\">\n\t\t\t\t<div class=\"elementor-widget-container\">\n\t\t\t\t\t<div class=\"qodef-shortcode qodef-m coiffure-services qodef-portfolio-list qodef-item-layout--info-on-hover qodef-grid qodef-layout--columns  qodef-gutter--normal qodef-col-num--3  qodef-item-layout--info-on-hover qodef--no-bottom-space qodef-pagination--off qodef-responsive--predefined qodef-hover-animation--fade-in\" data-options=\"{&quot;plugin&quot;:&quot;tobel_core&quot;,&quot;module&quot;:&quot;post-types\\\/portfolio\\\/shortcodes&quot;,&quot;shortcode&quot;:&quot;portfolio-list&quot;,&quot;post_type&quot;:&quot;portfolio-item&quot;,&quot;next_page&quot;:&quot;2&quot;,&quot;custom_class&quot;:&quot;coiffure-services&quot;,&quot;behavior&quot;:&quot;columns&quot;,&quot;images_proportion&quot;:&quot;custom&quot;,&quot;custom_image_width&quot;:&quot;300&quot;,&quot;custom_image_height&quot;:&quot;200&quot;,&quot;columns&quot;:&quot;3&quot;,&quot;columns_responsive&quot;:&quot;predefined&quot;,&quot;space&quot;:&quot;normal&quot;,&quot;posts_per_page&quot;:&quot;-1&quot;,&quot;orderby&quot;:&quot;rand&quot;,&quot;order&quot;:&quot;DESC&quot;,&quot;additional_params&quot;:&quot;tax&quot;,&quot;tax&quot;:&quot;portfolio-category&quot;,&quot;tax_slug&quot;:&quot;Christophe&quot;,&quot;layout&quot;:&quot;info-on-hover&quot;,&quot;hover_animation_info-below&quot;:&quot;move&quot;,&quot;hover_animation_info-on-hover&quot;:&quot;fade-in&quot;,&quot;title_tag&quot;:&quot;h4&quot;,&quot;custom_padding&quot;:&quot;no&quot;,&quot;slider_navigation_top&quot;:&quot;yes&quot;,&quot;pagination_type&quot;:&quot;no-pagination&quot;,&quot;object_class_name&quot;:&quot;TobelCore_Portfolio_List_Shortcode&quot;,&quot;unique&quot;:400,&quot;taxonomy_filter&quot;:&quot;portfolio-category&quot;,&quot;additional_query_args&quot;:{&quot;tax_query&quot;:[{&quot;taxonomy&quot;:&quot;portfolio-category&quot;,&quot;field&quot;:&quot;slug&quot;,&quot;terms&quot;:&quot;Christophe&quot;}]},&quot;space_value&quot;:15}\">\n\t\t<div class=\"qodef-grid-inner clear\">\n\t\t<p class=\"qodef-m-posts-not-found qodef-grid-item\">No posts were found for provided query parameters.<\/p>\n\t<\/div>\n\t<\/div>\n\t\t\t\t<\/div>\n\t\t\t\t<\/div>\n\t\t\t\t<div class=\"elementor-element elementor-element-7064515 elementor-widget elementor-widget-html\" data-id=\"7064515\" data-element_type=\"widget\" data-e-type=\"widget\" data-widget_type=\"html.default\">\n\t\t\t\t<div class=\"elementor-widget-container\">\n\t\t\t\t\t<script>const portfolioContainerMobile = document.getElementById('christophe-mobile');\n  const portfolioItemsMobile = portfolioContainerMobile.getElementsByClassName('portfolio-item');\n  for (let i = 0; i <portfolioItemsMobile.length; i++) { const itemLinkMobile = portfolioItemsMobile[i].getElementsByTagName('a'); console.log(itemLinkMobile); for (let i = 0; i <itemLinkMobile.length; i++ ){ if (itemLinkMobile[i].className = \"qodef-e-title-link\"){ itemLinkMobile[i].href = \"https:\/\/salonkee.ch\/salon\/le-bal-des-createurs\/widget\/service?lang=fr\" } else if (itemLinkMobile[i].className = \"qodef-e-post-link\"){ itemLink[i].href = \"https:\/\/salonkee.ch\/salon\/le-bal-des-createurs\/widget\/service?lang=fr\" } } \/*const itemPostLink = itemLink.getElementsByClassName('qodef-e-post-link') itemPostLink.href = 'https:\/\/salonkee.ch\/salon\/le-bal-des-createurs\/widget\/service?lang=fr'*\/ } <\/script>\t\t\t\t<\/div>\n\t\t\t\t<\/div>\n\t\t\t\t\t<\/div>\n\t\t<\/div>\n\t\t\t\t\t<\/div>\n\t\t<\/section>\n\t\t\t\t<section class=\"elementor-section elementor-top-section elementor-element elementor-element-18b451fe elementor-section-boxed elementor-section-height-default elementor-section-height-default wpr-particle-no wpr-jarallax-no wpr-parallax-no wpr-sticky-section-no wpr-equal-height-no qodef-elementor-content-no qodef-elementor-overlay-no\" data-id=\"18b451fe\" data-element_type=\"section\" data-e-type=\"section\">\n\t\t\t\t\t\t<div class=\"elementor-container elementor-column-gap-no\">\n\t\t\t\t\t<div class=\"elementor-column elementor-col-100 elementor-top-column elementor-element elementor-element-7a1d3bb5\" data-id=\"7a1d3bb5\" data-element_type=\"column\" data-e-type=\"column\">\n\t\t\t<div class=\"elementor-widget-wrap elementor-element-populated\">\n\t\t\t\t\t\t<div class=\"elementor-element elementor-element-0083f76 elementor-widget elementor-widget-tobel_core_section_title\" data-id=\"0083f76\" data-element_type=\"widget\" data-e-type=\"widget\" data-widget_type=\"tobel_core_section_title.default\">\n\t\t\t\t<div class=\"elementor-widget-container\">\n\t\t\t\t\t<div class=\"qodef-shortcode qodef-m  qodef-section-title qodef-alignment--center \">\n\t\t<h2 class=\"qodef-m-title\" >\n\t\t\t\t\tthe<br \/> expertise\t\t\t<\/h2>\n\t\t<p class=\"qodef-m-subtitle\" style=\"margin-top: -9px\">\n\t\tAlan Garcia\t<\/p>\n\t<\/div>\n\t\t\t\t<\/div>\n\t\t\t\t<\/div>\n\t\t\t\t<div class=\"elementor-element elementor-element-54ba443 elementor-widget elementor-widget-qi_addons_for_elementor_item_showcase\" data-id=\"54ba443\" data-element_type=\"widget\" data-e-type=\"widget\" data-widget_type=\"qi_addons_for_elementor_item_showcase.default\">\n\t\t\t\t<div class=\"elementor-widget-container\">\n\t\t\t\t\t<div class=\"qodef-shortcode qodef-m qodef-qi-item-showcase qodef-layout--standard qodef-qi--has-appear\">\n\t<div class=\"qodef-m-items qodef--left\">\n\t\t<div class=\"qodef-m-item qodef-e\">\n\t\t\t<h3 class=\"qodef-e-title\">\n\t NATURAL EMPATHY \t<\/h3>\n\t\t<p class=\"qodef-e-text\">Alan doesn't just style hair; he listens. With deep empathy, he understands your needs and desires, creating a hairstyle that truly reflects you.<\/p>\n\t<\/div>\n<div class=\"qodef-m-item qodef-e\">\n\t\t\t<h3 class=\"qodef-e-title\">\n\t EASE OF STYLING AT HOME \t<\/h3>\n\t\t<p class=\"qodef-e-text\">Beauty should be practical. That's why he designs cuts that not only shine in the salon but are also easy to maintain at home.<\/p>\n\t<\/div>\n\t<\/div>\n\t\t<div class=\"qodef-m-image\">\n\t\t<img loading=\"lazy\" decoding=\"async\" width=\"1707\" height=\"2560\" src=\"https:\/\/www.lebaldescreateurs.com\/wp-content\/uploads\/2024\/03\/lebaldescreateurs_alan_garcia_coiffeur_geneve-scaled.jpg\" class=\"attachment-full size-full\" alt=\"Alan Garcia, coiffeur expert au Bal des Cr\u00e9ateurs, Gen\u00e8ve\" srcset=\"https:\/\/www.lebaldescreateurs.com\/wp-content\/uploads\/2024\/03\/lebaldescreateurs_alan_garcia_coiffeur_geneve-scaled.jpg 1707w, https:\/\/www.lebaldescreateurs.com\/wp-content\/uploads\/2024\/03\/lebaldescreateurs_alan_garcia_coiffeur_geneve-200x300.jpg 200w, https:\/\/www.lebaldescreateurs.com\/wp-content\/uploads\/2024\/03\/lebaldescreateurs_alan_garcia_coiffeur_geneve-683x1024.jpg 683w, https:\/\/www.lebaldescreateurs.com\/wp-content\/uploads\/2024\/03\/lebaldescreateurs_alan_garcia_coiffeur_geneve-768x1152.jpg 768w, https:\/\/www.lebaldescreateurs.com\/wp-content\/uploads\/2024\/03\/lebaldescreateurs_alan_garcia_coiffeur_geneve-1024x1536.jpg 1024w, https:\/\/www.lebaldescreateurs.com\/wp-content\/uploads\/2024\/03\/lebaldescreateurs_alan_garcia_coiffeur_geneve-1365x2048.jpg 1365w\" sizes=\"(max-width: 1707px) 100vw, 1707px\" \/>\t<\/div>\n\t<div class=\"qodef-m-items qodef--right\">\n\t\t<div class=\"qodef-m-item qodef-e\">\n\t\t\t<h3 class=\"qodef-e-title\">\n\t POSITIVE ENERGY \t<\/h3>\n\t\t<p class=\"qodef-e-text\">Meeting Alan is entering a space of good mood and positive energy. His infectious dynamism makes every visit a pleasant and revitalizing moment, always leaving you with a smile.<\/p>\n\t<\/div>\n<div class=\"qodef-m-item qodef-e\">\n\t\t\t<h3 class=\"qodef-e-title\">\n\t TRAINING \t<\/h3>\n\t\t<p class=\"qodef-e-text\">Alan has honed his skills by training with the most illustrious figures in hairstyling. These experiences have allowed him to master innovative techniques and acquire a forward-thinking vision.<\/p>\n\t<\/div>\n\t<\/div>\n<\/div>\n\t\t\t\t<\/div>\n\t\t\t\t<\/div>\n\t\t\t\t<div class=\"elementor-element elementor-element-502167b elementor-hidden-desktop elementor-hidden-tablet elementor-widget elementor-widget-image\" data-id=\"502167b\" data-element_type=\"widget\" data-e-type=\"widget\" data-widget_type=\"image.default\">\n\t\t\t\t<div class=\"elementor-widget-container\">\n\t\t\t\t\t\t\t\t\t\t\t\t\t\t\t<img loading=\"lazy\" decoding=\"async\" width=\"683\" height=\"1024\" src=\"https:\/\/www.lebaldescreateurs.com\/wp-content\/uploads\/2024\/03\/lebaldescreateurs_alan_garcia_coiffeur_geneve-683x1024.jpg\" class=\"attachment-large size-large wp-image-25537\" alt=\"Alan Garcia, coiffeur expert au Bal des Cr\u00e9ateurs, Gen\u00e8ve\" srcset=\"https:\/\/www.lebaldescreateurs.com\/wp-content\/uploads\/2024\/03\/lebaldescreateurs_alan_garcia_coiffeur_geneve-683x1024.jpg 683w, https:\/\/www.lebaldescreateurs.com\/wp-content\/uploads\/2024\/03\/lebaldescreateurs_alan_garcia_coiffeur_geneve-200x300.jpg 200w, https:\/\/www.lebaldescreateurs.com\/wp-content\/uploads\/2024\/03\/lebaldescreateurs_alan_garcia_coiffeur_geneve-768x1152.jpg 768w, https:\/\/www.lebaldescreateurs.com\/wp-content\/uploads\/2024\/03\/lebaldescreateurs_alan_garcia_coiffeur_geneve-1024x1536.jpg 1024w, https:\/\/www.lebaldescreateurs.com\/wp-content\/uploads\/2024\/03\/lebaldescreateurs_alan_garcia_coiffeur_geneve-1365x2048.jpg 1365w, https:\/\/www.lebaldescreateurs.com\/wp-content\/uploads\/2024\/03\/lebaldescreateurs_alan_garcia_coiffeur_geneve-scaled.jpg 1707w\" sizes=\"(max-width: 683px) 100vw, 683px\" \/>\t\t\t\t\t\t\t\t\t\t\t\t\t\t\t<\/div>\n\t\t\t\t<\/div>\n\t\t\t\t\t<\/div>\n\t\t<\/div>\n\t\t\t\t\t<\/div>\n\t\t<\/section>\n\t\t\t\t<section class=\"elementor-section elementor-top-section elementor-element elementor-element-aba369d qodef-elementor-content-grid elementor-section-boxed elementor-section-height-default elementor-section-height-default wpr-particle-no wpr-jarallax-no wpr-parallax-no wpr-sticky-section-no wpr-equal-height-no qodef-elementor-overlay-no\" data-id=\"aba369d\" data-element_type=\"section\" data-e-type=\"section\">\n\t\t\t\t\t\t<div class=\"elementor-container elementor-column-gap-default\">\n\t\t\t\t\t<div class=\"elementor-column elementor-col-100 elementor-top-column elementor-element elementor-element-d850c45\" data-id=\"d850c45\" data-element_type=\"column\" data-e-type=\"column\">\n\t\t\t<div class=\"elementor-widget-wrap elementor-element-populated\">\n\t\t\t\t\t\t<div class=\"elementor-element elementor-element-ed7f4ad elementor-hidden-desktop elementor-hidden-tablet elementor-widget elementor-widget-spacer\" data-id=\"ed7f4ad\" data-element_type=\"widget\" data-e-type=\"widget\" data-widget_type=\"spacer.default\">\n\t\t\t\t<div class=\"elementor-widget-container\">\n\t\t\t\t\t\t\t<div class=\"elementor-spacer\">\n\t\t\t<div class=\"elementor-spacer-inner\"><\/div>\n\t\t<\/div>\n\t\t\t\t\t\t<\/div>\n\t\t\t\t<\/div>\n\t\t\t\t<div class=\"elementor-element elementor-element-2928a4b elementor-widget elementor-widget-tobel_core_testimonials_list\" data-id=\"2928a4b\" data-element_type=\"widget\" data-e-type=\"widget\" id=\"testimonial\" data-widget_type=\"tobel_core_testimonials_list.default\">\n\t\t\t\t<div class=\"elementor-widget-container\">\n\t\t\t\t\t<div class=\"qodef-shortcode qodef-m  qodef-testimonials-list  qodef-grid qodef-swiper-container  qodef-gutter--normal qodef-col-num--1  qodef-item-layout--info-below qodef-responsive--predefined\" data-options=\"{&quot;effect&quot;:&quot;&quot;,&quot;sliderScroll&quot;:false,&quot;slidesPerGroup&quot;:&quot;&quot;,&quot;centeredSlides&quot;:false,&quot;slidesPerView&quot;:&quot;1&quot;,&quot;spaceBetween&quot;:30,&quot;loop&quot;:true,&quot;autoplay&quot;:true,&quot;speed&quot;:&quot;&quot;,&quot;speedAnimation&quot;:&quot;&quot;}\">\n\t<div class=\"qodef-e-static-holder\">\n\t\t\t<p class=\"qodef-e-static-subtitle\">\n\t\tYour words\t<\/p>\n\t\t\t\t<h3 class=\"qodef-e-static-title\">\n\t\tOur clients say\t<\/h3>\n\t\t<\/div>\n\t<div class=\"swiper-wrapper\">\n\t\t<div class=\"qodef-e swiper-slide \">\n\t<div class=\"qodef-e-inner\">\n\t\t\t\t<div class=\"qodef-e-content\">\n\t\t\t\t\t\t\t<p itemprop=\"description\" class=\"qodef-e-text\">&quot;&lt;...&gt; D\u00e8s l&#039;entr\u00e9e nous ressentons un sentiment chaleureux, l&#039;accueil et le d\u00e9core sont simplement magnifique. Ce jour l\u00e0 \u00e9tant arriver en avance j&#039;en ai profiter pour gouter un jus de fruit pr\u00e9parer par Jaqueline, il \u00e9t\u00e9 vraiment d\u00e9licieux et frais. &lt;...&gt;. Je recommande grandement ce salon de coiffure au style unique et je remercie du fond du c\u0153ur Edvinas pour le temps qu&#039;il m&#039;a accord\u00e9 pour r\u00e9pondre \u00e0 mes question et m&#039;expliquer son univers transmis dans ce salon.&quot;<\/p>\n\t\t\t\t<p class=\"qodef-e-author\">\n\t\t<span class=\"qodef-e-author-name\">Jeremy<\/span>\n\t\t<span class=\"qodef-e-author-job\">sur salonkee.ch<\/span>\n\t<\/p>\n\t\t<\/div>\n\t<\/div>\n<\/div>\n<div class=\"qodef-e swiper-slide \">\n\t<div class=\"qodef-e-inner\">\n\t\t\t\t<div class=\"qodef-e-content\">\n\t\t\t\t\t\t\t<p itemprop=\"description\" class=\"qodef-e-text\">&quot;Un moment de bien \u00eatre et d\u00e9contract\u00e9 avec un super r\u00e9sultat. Je suis sortie toute belle et de fort bonne humeur !&quot;<\/p>\n\t\t\t\t<p class=\"qodef-e-author\">\n\t\t<span class=\"qodef-e-author-name\">Jannick<\/span>\n\t\t<span class=\"qodef-e-author-job\">sur salonkee.ch<\/span>\n\t<\/p>\n\t\t<\/div>\n\t<\/div>\n<\/div>\n<div class=\"qodef-e swiper-slide \">\n\t<div class=\"qodef-e-inner\">\n\t\t\t\t<div class=\"qodef-e-content\">\n\t\t\t\t\t\t\t<p itemprop=\"description\" class=\"qodef-e-text\">&quot;super accueil, personnel souriant et dr\u00f4le, coiffeur tr\u00e8s sympa ! Un bon moment !&quot;<\/p>\n\t\t\t\t<p class=\"qodef-e-author\">\n\t\t<span class=\"qodef-e-author-name\">Jacques<\/span>\n\t\t<span class=\"qodef-e-author-job\">sur salonkee.ch<\/span>\n\t<\/p>\n\t\t<\/div>\n\t<\/div>\n<\/div>\n\t<\/div>\n\t\t\t<div class=\"swiper-button-prev \"><svg class=\"qodef-main-arrow\" xmlns=\"http:\/\/www.w3.org\/2000\/svg\" xmlns:xlink=\"http:\/\/www.w3.org\/1999\/xlink\" x=\"0px\" y=\"0px\" viewBox=\"0 0 38 12\" xml:space=\"preserve\"><polygon points=\"38,5.37 1.5,5.37 8.21,0.54 7.87,0 0,5.68 7.61,12 7.98,11.49 1.4,6.02 38,6.02 \"\/><\/svg><svg class=\"qodef-fake-arrow\" xmlns=\"http:\/\/www.w3.org\/2000\/svg\" xmlns:xlink=\"http:\/\/www.w3.org\/1999\/xlink\" x=\"0px\" y=\"0px\" viewBox=\"0 0 38 12\" xml:space=\"preserve\"><polygon points=\"38,5.37 1.5,5.37 8.21,0.54 7.87,0 0,5.68 7.61,12 7.98,11.49 1.4,6.02 38,6.02 \"\/><\/svg><\/div>\n\t<div class=\"swiper-button-next \"><svg class=\"qodef-main-arrow\" xmlns=\"http:\/\/www.w3.org\/2000\/svg\" xmlns:xlink=\"http:\/\/www.w3.org\/1999\/xlink\" x=\"0px\" y=\"0px\" viewBox=\"0 0 38 12\" xml:space=\"preserve\"><polygon points=\"0,5.37 36.49,5.37 29.79,0.54 30.13,0 38,5.68 30.38,12 30.01,11.49 36.6,6.02 0,6.02 \"\/><\/svg><svg class=\"qodef-fake-arrow\" xmlns=\"http:\/\/www.w3.org\/2000\/svg\" xmlns:xlink=\"http:\/\/www.w3.org\/1999\/xlink\" x=\"0px\" y=\"0px\" viewBox=\"0 0 38 12\" xml:space=\"preserve\"><polygon points=\"0,5.37 36.49,5.37 29.79,0.54 30.13,0 38,5.68 30.38,12 30.01,11.49 36.6,6.02 0,6.02 \"\/><\/svg><\/div>\n<\/div>\n\t\t\t\t<\/div>\n\t\t\t\t<\/div>\n\t\t\t\t\t<\/div>\n\t\t<\/div>\n\t\t\t\t\t<\/div>\n\t\t<\/section>\n\t\t\t\t<section class=\"elementor-section elementor-top-section elementor-element elementor-element-4e1f4947 elementor-section-full_width elementor-section-stretched elementor-section-height-default elementor-section-height-default wpr-particle-no wpr-jarallax-no wpr-parallax-no wpr-sticky-section-no wpr-equal-height-no qodef-elementor-content-no qodef-elementor-overlay-no\" data-id=\"4e1f4947\" data-element_type=\"section\" data-e-type=\"section\" data-settings=\"{&quot;stretch_section&quot;:&quot;section-stretched&quot;}\">\n\t\t\t\t\t\t<div class=\"elementor-container elementor-column-gap-no\">\n\t\t\t\t\t<div class=\"elementor-column elementor-col-100 elementor-top-column elementor-element elementor-element-4d2069e5\" data-id=\"4d2069e5\" data-element_type=\"column\" data-e-type=\"column\">\n\t\t\t<div class=\"elementor-widget-wrap elementor-element-populated\">\n\t\t\t\t\t\t<section class=\"elementor-section elementor-inner-section elementor-element elementor-element-d856d45 elementor-section-full_width elementor-section-height-default elementor-section-height-default wpr-particle-no wpr-jarallax-no wpr-parallax-no wpr-sticky-section-no wpr-equal-height-no qodef-elementor-content-no qodef-elementor-overlay-no\" data-id=\"d856d45\" data-element_type=\"section\" data-e-type=\"section\">\n\t\t\t\t\t\t<div class=\"elementor-container elementor-column-gap-default\">\n\t\t\t\t\t<div class=\"elementor-column elementor-col-100 elementor-inner-column elementor-element elementor-element-500ba1b\" data-id=\"500ba1b\" data-element_type=\"column\" data-e-type=\"column\">\n\t\t\t<div class=\"elementor-widget-wrap elementor-element-populated\">\n\t\t\t\t\t\t<div class=\"elementor-element elementor-element-fe668b8 elementor-hidden-desktop elementor-hidden-tablet elementor-widget elementor-widget-spacer\" data-id=\"fe668b8\" data-element_type=\"widget\" data-e-type=\"widget\" data-widget_type=\"spacer.default\">\n\t\t\t\t<div class=\"elementor-widget-container\">\n\t\t\t\t\t\t\t<div class=\"elementor-spacer\">\n\t\t\t<div class=\"elementor-spacer-inner\"><\/div>\n\t\t<\/div>\n\t\t\t\t\t\t<\/div>\n\t\t\t\t<\/div>\n\t\t\t\t<div class=\"elementor-element elementor-element-bafea4e elementor-widget elementor-widget-tobel_core_section_title\" data-id=\"bafea4e\" data-element_type=\"widget\" data-e-type=\"widget\" data-widget_type=\"tobel_core_section_title.default\">\n\t\t\t\t<div class=\"elementor-widget-container\">\n\t\t\t\t\t<div class=\"qodef-shortcode qodef-m  qodef-section-title qodef-alignment--left qodef-title-break--disabled\">\n\t\t<p class=\"qodef-m-subtitle\" style=\"margin-bottom: -5px;font-size: 50px\">\n\t\tTogether\t<\/p>\n\t\t<h3 class=\"qodef-m-title\" >\n\t\t\t\t\tThe Team of bal<br \/> des cr\u00e9ateurs\t\t\t<\/h3>\n\t<\/div>\n\t\t\t\t<\/div>\n\t\t\t\t<\/div>\n\t\t\t\t<div class=\"elementor-element elementor-element-f85f76f elementor-hidden-desktop elementor-hidden-tablet elementor-widget elementor-widget-spacer\" data-id=\"f85f76f\" data-element_type=\"widget\" data-e-type=\"widget\" data-widget_type=\"spacer.default\">\n\t\t\t\t<div class=\"elementor-widget-container\">\n\t\t\t\t\t\t\t<div class=\"elementor-spacer\">\n\t\t\t<div class=\"elementor-spacer-inner\"><\/div>\n\t\t<\/div>\n\t\t\t\t\t\t<\/div>\n\t\t\t\t<\/div>\n\t\t\t\t<div class=\"elementor-element elementor-element-ead5d87 elementor-hidden-mobile elementor-hidden-tablet e-transform elementor-widget elementor-widget-tobel_core_team_list\" data-id=\"ead5d87\" data-element_type=\"widget\" data-e-type=\"widget\" id=\"teamList\" data-settings=\"{&quot;_transform_translateX_effect&quot;:{&quot;unit&quot;:&quot;px&quot;,&quot;size&quot;:&quot;&quot;,&quot;sizes&quot;:[]},&quot;_transform_translateX_effect_tablet&quot;:{&quot;unit&quot;:&quot;px&quot;,&quot;size&quot;:&quot;&quot;,&quot;sizes&quot;:[]},&quot;_transform_translateX_effect_mobile&quot;:{&quot;unit&quot;:&quot;px&quot;,&quot;size&quot;:&quot;&quot;,&quot;sizes&quot;:[]},&quot;_transform_translateY_effect&quot;:{&quot;unit&quot;:&quot;px&quot;,&quot;size&quot;:&quot;&quot;,&quot;sizes&quot;:[]},&quot;_transform_translateY_effect_tablet&quot;:{&quot;unit&quot;:&quot;px&quot;,&quot;size&quot;:&quot;&quot;,&quot;sizes&quot;:[]},&quot;_transform_translateY_effect_mobile&quot;:{&quot;unit&quot;:&quot;px&quot;,&quot;size&quot;:&quot;&quot;,&quot;sizes&quot;:[]}}\" data-widget_type=\"tobel_core_team_list.default\">\n\t\t\t\t<div class=\"elementor-widget-container\">\n\t\t\t\t\t<div class=\"qodef-shortcode qodef-m team qodef-team-list qodef-item-layout--info-below qodef-grid qodef-swiper-container  qodef-gutter--normal qodef-col-num--3  qodef-item-layout--info-below qodef--no-bottom-space qodef-pagination--off qodef-responsive--custom qodef-col-num--1440--3 qodef-col-num--1366--3 qodef-col-num--1024--2 qodef-col-num--768--1 qodef-col-num--680--1 qodef-col-num--480--3\" data-options=\"{&quot;effect&quot;:&quot;slide&quot;,&quot;sliderScroll&quot;:false,&quot;slidesPerGroup&quot;:&quot;&quot;,&quot;centeredSlides&quot;:false,&quot;slidesPerView&quot;:&quot;3&quot;,&quot;spaceBetween&quot;:30,&quot;loop&quot;:true,&quot;autoplay&quot;:true,&quot;speed&quot;:&quot;&quot;,&quot;speedAnimation&quot;:&quot;&quot;,&quot;customStages&quot;:true,&quot;slidesPerView1440&quot;:&quot;3&quot;,&quot;slidesPerView1366&quot;:&quot;3&quot;,&quot;slidesPerView1024&quot;:&quot;2&quot;,&quot;slidesPerView768&quot;:&quot;1&quot;,&quot;slidesPerView680&quot;:&quot;1&quot;,&quot;slidesPerView480&quot;:&quot;3&quot;}\">\n\t<div class=\"swiper-wrapper\">\n\t\t<div class=\"qodef-e swiper-slide  post-13379 team type-team status-publish has-post-thumbnail hentry team-category-coiffeurs team-category-coloriste team-category-lissage team-category-maquilleur team-category-mariage\">\n\t<div class=\"qodef-e-inner\">\n\t\t<div class=\"qodef-e-image\">\n\t\t\t\t<div class=\"qodef-e-media-image\">\n\t\t\t\t\t<img loading=\"lazy\" decoding=\"async\" src=\"https:\/\/www.lebaldescreateurs.com\/wp-content\/uploads\/2023\/03\/Cherif_Messaoudi_Le_bal_des_Createurs-scaled-400x400.jpg\" alt=\"Portrait de Cherif Messaoudi\" width=\"400\" height=\"400\" data-ratio=\"1\" \/>\t\t\t<\/div>\n\t\t\t\t<div class=\"qodef-team-member-social-icons\">\n\t\t\t\t\t\t\t<a class=\"qodef-team-member-social-icon\" href=\"https:\/\/www.lebaldescreateurs.com\/salon-de-coiffure-geneve\/cherif-messaoudi-make-up-artist-geneve\/\" target=\"_blank\">\n\t\t\t\t\t\tCONSULTER PROFIL\t\t\t\t\t<\/a>\n\t\t\t\t\t\t\t\t\t\t<\/div>\n\t\t<\/div>\n\t\t<div class=\"qodef-e-content\" >\n\t\t\t<h4 itemprop=\"name\" class=\"qodef-e-title entry-title\" >\n\t\t\tCherif\t<\/h4>\n\t\t\t\t<p class=\"qodef-e-role\">Senior Stylist, Make-up Artist, Colorist<\/p>\n\t\t\t\t\t<\/div>\n\t<\/div>\n<\/div>\n<div class=\"qodef-e swiper-slide  post-13395 team type-team status-publish has-post-thumbnail hentry team-category-coiffeurs team-category-coloriste\">\n\t<div class=\"qodef-e-inner\">\n\t\t<div class=\"qodef-e-image\">\n\t\t\t\t<div class=\"qodef-e-media-image\">\n\t\t\t\t\t<img loading=\"lazy\" decoding=\"async\" src=\"https:\/\/www.lebaldescreateurs.com\/wp-content\/uploads\/2023\/03\/le-bal-des-createurs-darya-deynehad-coiffure-suisse-683x1024-1-400x400.jpeg\" alt=\"Photo de portrait de Darya Deynehad\" width=\"400\" height=\"400\" data-ratio=\"1\" \/>\t\t\t<\/div>\n\t\t\t\t<div class=\"qodef-team-member-social-icons\">\n\t\t\t\t\t\t\t<a class=\"qodef-team-member-social-icon\" href=\"https:\/\/www.lebaldescreateurs.com\/salon-de-coiffure-geneve\/darya-deyneha-coloriste-geneve\/\" target=\"_blank\">\n\t\t\t\t\t\tCONSULTER PROFIL\t\t\t\t\t<\/a>\n\t\t\t\t\t\t\t\t\t\t<\/div>\n\t\t<\/div>\n\t\t<div class=\"qodef-e-content\" >\n\t\t\t<h4 itemprop=\"name\" class=\"qodef-e-title entry-title\" >\n\t\t\tDarya\t<\/h4>\n\t\t\t\t<p class=\"qodef-e-role\">Stylist, Colorist<\/p>\n\t\t\t\t\t<\/div>\n\t<\/div>\n<\/div>\n<div class=\"qodef-e swiper-slide  post-12235 team type-team status-publish has-post-thumbnail hentry team-category-coiffeurs team-category-coloriste team-category-mariage\">\n\t<div class=\"qodef-e-inner\">\n\t\t<div class=\"qodef-e-image\">\n\t\t\t\t<div class=\"qodef-e-media-image\">\n\t\t\t\t\t<img loading=\"lazy\" decoding=\"async\" src=\"https:\/\/www.lebaldescreateurs.com\/wp-content\/uploads\/2023\/02\/jonathan_lanfrit_le_bal_des_createurs_expert_colorist-scaled-400x400.jpg\" alt=\"Expert coiffure \u00e0 Gen\u00e8ve au Bal des Cr\u00e9ateurs\" width=\"400\" height=\"400\" data-ratio=\"1\" \/>\t\t\t<\/div>\n\t\t\t\t<div class=\"qodef-team-member-social-icons\">\n\t\t\t\t\t\t\t<a class=\"qodef-team-member-social-icon\" href=\"https:\/\/www.lebaldescreateurs.com\/salon-de-coiffure-geneve\/jonathan-lanfrit-expert-meches-geneve\/\" target=\"_blank\">\n\t\t\t\t\t\tCONSULTER PROFIL\t\t\t\t\t<\/a>\n\t\t\t\t\t\t\t\t\t\t<\/div>\n\t\t<\/div>\n\t\t<div class=\"qodef-e-content\" >\n\t\t\t<h4 itemprop=\"name\" class=\"qodef-e-title entry-title\" >\n\t\t\tJonathan\t<\/h4>\n\t\t\t\t<p class=\"qodef-e-role\">Senior Colorist, Expert M\u00e8ches, Stylist<\/p>\n\t\t\t\t\t<\/div>\n\t<\/div>\n<\/div>\n<div class=\"qodef-e swiper-slide  post-13920 team type-team status-publish has-post-thumbnail hentry team-category-coiffeurs\">\n\t<div class=\"qodef-e-inner\">\n\t\t<div class=\"qodef-e-image\">\n\t\t\t\t<div class=\"qodef-e-media-image\">\n\t\t\t\t\t<img loading=\"lazy\" decoding=\"async\" src=\"https:\/\/www.lebaldescreateurs.com\/wp-content\/uploads\/2023\/05\/le-bal-des-createurs-Mila-Rachidia-e1591700054562-400x400.jpeg\" alt=\"\" width=\"400\" height=\"400\" data-ratio=\"1\" \/>\t\t\t<\/div>\n\t\t\t\t<div class=\"qodef-team-member-social-icons\">\n\t\t\t\t\t\t\t<a class=\"qodef-team-member-social-icon\" href=\"https:\/\/www.lebaldescreateurs.com\/salon-de-coiffure-geneve\/mila-rachidia-benothmane\/\" target=\"_blank\">\n\t\t\t\t\t\tCONSULTER PROFIL\t\t\t\t\t<\/a>\n\t\t\t\t\t\t\t\t\t\t<\/div>\n\t\t<\/div>\n\t\t<div class=\"qodef-e-content\" >\n\t\t\t<h4 itemprop=\"name\" class=\"qodef-e-title entry-title\" >\n\t\t\tMila\t<\/h4>\n\t\t\t\t<p class=\"qodef-e-role\">Stylist, Expert Coupe<\/p>\n\t\t\t\t\t<\/div>\n\t<\/div>\n<\/div>\n<div class=\"qodef-e swiper-slide  post-23687 team type-team status-publish has-post-thumbnail hentry team-category-coiffeurs team-category-coloriste team-category-mariage\">\n\t<div class=\"qodef-e-inner\">\n\t\t<div class=\"qodef-e-image\">\n\t\t\t\t<div class=\"qodef-e-media-image\">\n\t\t\t\t\t<img loading=\"lazy\" decoding=\"async\" src=\"https:\/\/www.lebaldescreateurs.com\/wp-content\/uploads\/2023\/10\/kevin_broucke_le_bal_des_createurs_coiffeur_geneve-scaled-400x400.jpg\" alt=\"\" width=\"400\" height=\"400\" data-ratio=\"1\" \/>\t\t\t<\/div>\n\t\t\t\t<div class=\"qodef-team-member-social-icons\">\n\t\t\t\t\t\t\t<a class=\"qodef-team-member-social-icon\" href=\"https:\/\/www.lebaldescreateurs.com\/salon-de-coiffure-geneve\/kevin-broucke\/\" target=\"_blank\">\n\t\t\t\t\t\tCONSULTER PROFIL\t\t\t\t\t<\/a>\n\t\t\t\t\t\t\t\t\t\t<\/div>\n\t\t<\/div>\n\t\t<div class=\"qodef-e-content\" >\n\t\t\t<h4 itemprop=\"name\" class=\"qodef-e-title entry-title\" >\n\t\t\tKevin\t<\/h4>\n\t\t\t\t<p class=\"qodef-e-role\">Colorist, Stylist<\/p>\n\t\t\t\t\t<\/div>\n\t<\/div>\n<\/div>\n<div class=\"qodef-e swiper-slide  post-12053 team type-team status-publish has-post-thumbnail hentry team-category-directeur team-category-office\">\n\t<div class=\"qodef-e-inner\">\n\t\t<div class=\"qodef-e-image\">\n\t\t\t\t<div class=\"qodef-e-media-image\">\n\t\t\t\t\t<img loading=\"lazy\" decoding=\"async\" src=\"https:\/\/www.lebaldescreateurs.com\/wp-content\/uploads\/2023\/02\/edvinas_gliebus_le_bal_des_createurs_geneve_suisse-400x400.jpg\" alt=\"Edvinas Gliebus, Co-Fondateur du Bal dees Cr\u00e9ateurs\" width=\"400\" height=\"400\" data-ratio=\"1\" \/>\t\t\t<\/div>\n\t\t\t\t<div class=\"qodef-team-member-social-icons\">\n\t\t\t\t\t\t\t<a class=\"qodef-team-member-social-icon\" href=\"https:\/\/www.lebaldescreateurs.com\/salon-de-coiffure-geneve\/edvinas-gliebus\/\" target=\"_blank\">\n\t\t\t\t\t\tCONSULTER PROFIL\t\t\t\t\t<\/a>\n\t\t\t\t\t\t\t\t\t\t<\/div>\n\t\t<\/div>\n\t\t<div class=\"qodef-e-content\" >\n\t\t\t<h4 itemprop=\"name\" class=\"qodef-e-title entry-title\" >\n\t\t\tEdvinas Gliebus\t<\/h4>\n\t\t\t\t<p class=\"qodef-e-role\"> Co-fondateur, Directeur Ex\u00e9cutif<\/p>\n\t\t\t\t\t<\/div>\n\t<\/div>\n<\/div>\n<div class=\"qodef-e swiper-slide  post-49908 team type-team status-publish has-post-thumbnail hentry team-category-coiffeurs team-category-mariage\">\n\t<div class=\"qodef-e-inner\">\n\t\t<div class=\"qodef-e-image\">\n\t\t\t\t<div class=\"qodef-e-media-image\">\n\t\t\t\t\t<img loading=\"lazy\" decoding=\"async\" src=\"https:\/\/www.lebaldescreateurs.com\/wp-content\/uploads\/2025\/06\/franck_blin_le_bal_des_createurs-scaled-400x400.jpg\" alt=\"\" width=\"400\" height=\"400\" data-ratio=\"1\" \/>\t\t\t<\/div>\n\t\t\t\t<div class=\"qodef-team-member-social-icons\">\n\t\t\t\t\t\t\t<a class=\"qodef-team-member-social-icon\" href=\"https:\/\/www.lebaldescreateurs.com\/salon-de-coiffure-geneve\/franck-blin\/\" target=\"_blank\">\n\t\t\t\t\t\tCONSULTER PROFIL\t\t\t\t\t<\/a>\n\t\t\t\t\t\t\t\t\t\t<\/div>\n\t\t<\/div>\n\t\t<div class=\"qodef-e-content\" >\n\t\t\t<h4 itemprop=\"name\" class=\"qodef-e-title entry-title\" >\n\t\t\tFranck\t<\/h4>\n\t\t\t\t<p class=\"qodef-e-role\">Stylist, Expert Coupe<\/p>\n\t\t\t\t\t<\/div>\n\t<\/div>\n<\/div>\n<div class=\"qodef-e swiper-slide  post-1571 team type-team status-publish has-post-thumbnail hentry team-category-coiffeurs team-category-coloriste team-category-mariage\">\n\t<div class=\"qodef-e-inner\">\n\t\t<div class=\"qodef-e-image\">\n\t\t\t\t<div class=\"qodef-e-media-image\">\n\t\t\t\t\t<img loading=\"lazy\" decoding=\"async\" src=\"https:\/\/www.lebaldescreateurs.com\/wp-content\/uploads\/2021\/04\/shannon_maarouf_le_bal_des_createurs-scaled-400x400.jpg\" alt=\"\" width=\"400\" height=\"400\" data-ratio=\"1\" \/>\t\t\t<\/div>\n\t\t\t\t<div class=\"qodef-team-member-social-icons\">\n\t\t\t\t\t\t\t<a class=\"qodef-team-member-social-icon\" href=\"https:\/\/www.lebaldescreateurs.com\/salon-de-coiffure-geneve\/shannon-maarouf-coloriste-geneve\/\" target=\"_blank\">\n\t\t\t\t\t\tCONSULTER PROFIL\t\t\t\t\t<\/a>\n\t\t\t\t\t\t\t\t\t\t<\/div>\n\t\t<\/div>\n\t\t<div class=\"qodef-e-content\" >\n\t\t\t<h4 itemprop=\"name\" class=\"qodef-e-title entry-title\" >\n\t\t\tShannon\t<\/h4>\n\t\t\t\t<p class=\"qodef-e-role\">Stylist, Colorist<\/p>\n\t\t\t\t\t<\/div>\n\t<\/div>\n<\/div>\n\t<\/div>\n\t\t<div class=\"swiper-button-prev \"><svg class=\"qodef-main-arrow\" xmlns=\"http:\/\/www.w3.org\/2000\/svg\" xmlns:xlink=\"http:\/\/www.w3.org\/1999\/xlink\" x=\"0px\" y=\"0px\" viewBox=\"0 0 38 12\" xml:space=\"preserve\"><polygon points=\"38,5.37 1.5,5.37 8.21,0.54 7.87,0 0,5.68 7.61,12 7.98,11.49 1.4,6.02 38,6.02 \"\/><\/svg><svg class=\"qodef-fake-arrow\" xmlns=\"http:\/\/www.w3.org\/2000\/svg\" xmlns:xlink=\"http:\/\/www.w3.org\/1999\/xlink\" x=\"0px\" y=\"0px\" viewBox=\"0 0 38 12\" xml:space=\"preserve\"><polygon points=\"38,5.37 1.5,5.37 8.21,0.54 7.87,0 0,5.68 7.61,12 7.98,11.49 1.4,6.02 38,6.02 \"\/><\/svg><\/div>\n\t<div class=\"swiper-button-next \"><svg class=\"qodef-main-arrow\" xmlns=\"http:\/\/www.w3.org\/2000\/svg\" xmlns:xlink=\"http:\/\/www.w3.org\/1999\/xlink\" x=\"0px\" y=\"0px\" viewBox=\"0 0 38 12\" xml:space=\"preserve\"><polygon points=\"0,5.37 36.49,5.37 29.79,0.54 30.13,0 38,5.68 30.38,12 30.01,11.49 36.6,6.02 0,6.02 \"\/><\/svg><svg class=\"qodef-fake-arrow\" xmlns=\"http:\/\/www.w3.org\/2000\/svg\" xmlns:xlink=\"http:\/\/www.w3.org\/1999\/xlink\" x=\"0px\" y=\"0px\" viewBox=\"0 0 38 12\" xml:space=\"preserve\"><polygon points=\"0,5.37 36.49,5.37 29.79,0.54 30.13,0 38,5.68 30.38,12 30.01,11.49 36.6,6.02 0,6.02 \"\/><\/svg><\/div>\n\t<\/div>\n\t\t\t\t<\/div>\n\t\t\t\t<\/div>\n\t\t\t\t<div class=\"elementor-element elementor-element-01cd946 elementor-hidden-desktop elementor-widget elementor-widget-tobel_core_team_list\" data-id=\"01cd946\" data-element_type=\"widget\" data-e-type=\"widget\" data-widget_type=\"tobel_core_team_list.default\">\n\t\t\t\t<div class=\"elementor-widget-container\">\n\t\t\t\t\t<div class=\"qodef-shortcode qodef-m  qodef-team-list qodef-item-layout--info-below qodef-grid qodef-layout--columns  qodef-gutter--large qodef-col-num--1  qodef-item-layout--info-below qodef--no-bottom-space qodef-pagination--off qodef-responsive--custom qodef-col-num--1440--3 qodef-col-num--1366--3 qodef-col-num--1024--2 qodef-col-num--768--2 qodef-col-num--680--1 qodef-col-num--480--1\" data-options=\"{&quot;plugin&quot;:&quot;tobel_core&quot;,&quot;module&quot;:&quot;post-types\\\/team\\\/shortcodes&quot;,&quot;shortcode&quot;:&quot;team-list&quot;,&quot;post_type&quot;:&quot;team&quot;,&quot;next_page&quot;:&quot;2&quot;,&quot;max_pages_num&quot;:3,&quot;behavior&quot;:&quot;columns&quot;,&quot;images_proportion&quot;:&quot;tobel_core_image_size_square&quot;,&quot;columns&quot;:&quot;1&quot;,&quot;columns_responsive&quot;:&quot;custom&quot;,&quot;columns_1440&quot;:&quot;3&quot;,&quot;columns_1366&quot;:&quot;3&quot;,&quot;columns_1024&quot;:&quot;2&quot;,&quot;columns_768&quot;:&quot;2&quot;,&quot;columns_680&quot;:&quot;1&quot;,&quot;columns_480&quot;:&quot;1&quot;,&quot;space&quot;:&quot;large&quot;,&quot;posts_per_page&quot;:&quot;8&quot;,&quot;orderby&quot;:&quot;rand&quot;,&quot;order&quot;:&quot;DESC&quot;,&quot;layout&quot;:&quot;info-below&quot;,&quot;title_tag&quot;:&quot;h4&quot;,&quot;pagination_type&quot;:&quot;no-pagination&quot;,&quot;object_class_name&quot;:&quot;TobelCore_Team_List_Shortcode&quot;,&quot;taxonomy_filter&quot;:&quot;team-category&quot;,&quot;item_classes&quot;:&quot;qodef-e qodef-grid-item &quot;,&quot;space_value&quot;:25}\">\n\t\t<div class=\"qodef-grid-inner clear\">\n\t\t<div class=\"qodef-e qodef-grid-item  post-1571 team type-team status-publish has-post-thumbnail hentry team-category-coiffeurs team-category-coloriste team-category-mariage\">\n\t<div class=\"qodef-e-inner\">\n\t\t<div class=\"qodef-e-image\">\n\t\t\t\t<div class=\"qodef-e-media-image\">\n\t\t\t\t\t<img loading=\"lazy\" decoding=\"async\" width=\"650\" height=\"650\" src=\"https:\/\/www.lebaldescreateurs.com\/wp-content\/uploads\/2021\/04\/shannon_maarouf_le_bal_des_createurs-650x650.jpg\" class=\"attachment-tobel_core_image_size_square size-tobel_core_image_size_square wp-post-image\" alt=\"\" srcset=\"https:\/\/www.lebaldescreateurs.com\/wp-content\/uploads\/2021\/04\/shannon_maarouf_le_bal_des_createurs-650x650.jpg 650w, https:\/\/www.lebaldescreateurs.com\/wp-content\/uploads\/2021\/04\/shannon_maarouf_le_bal_des_createurs-150x150.jpg 150w, https:\/\/www.lebaldescreateurs.com\/wp-content\/uploads\/2021\/04\/shannon_maarouf_le_bal_des_createurs-1300x1300.jpg 1300w, https:\/\/www.lebaldescreateurs.com\/wp-content\/uploads\/2021\/04\/shannon_maarouf_le_bal_des_createurs-300x300.jpg 300w, https:\/\/www.lebaldescreateurs.com\/wp-content\/uploads\/2021\/04\/shannon_maarouf_le_bal_des_createurs-100x100.jpg 100w\" sizes=\"(max-width: 650px) 100vw, 650px\" \/>\t\t\t<\/div>\n\t\t\t\t<div class=\"qodef-team-member-social-icons\">\n\t\t\t\t\t\t\t<a class=\"qodef-team-member-social-icon\" href=\"https:\/\/www.lebaldescreateurs.com\/salon-de-coiffure-geneve\/shannon-maarouf-coloriste-geneve\/\" target=\"_blank\">\n\t\t\t\t\t\tCONSULTER PROFIL\t\t\t\t\t<\/a>\n\t\t\t\t\t\t\t\t\t\t<\/div>\n\t\t<\/div>\n\t\t<div class=\"qodef-e-content\" >\n\t\t\t<h4 itemprop=\"name\" class=\"qodef-e-title entry-title\" >\n\t\t\tShannon\t<\/h4>\n\t\t\t\t<p class=\"qodef-e-role\">Stylist, Colorist<\/p>\n\t\t\t\t\t<\/div>\n\t<\/div>\n<\/div>\n<div class=\"qodef-e qodef-grid-item  post-13381 team type-team status-publish has-post-thumbnail hentry team-category-estheticienne\">\n\t<div class=\"qodef-e-inner\">\n\t\t<div class=\"qodef-e-image\">\n\t\t\t\t<div class=\"qodef-e-media-image\">\n\t\t\t\t\t<img loading=\"lazy\" decoding=\"async\" width=\"480\" height=\"650\" src=\"https:\/\/www.lebaldescreateurs.com\/wp-content\/uploads\/2023\/03\/irina-sergueeva_le_bal_des_createurs-480x650.jpeg\" class=\"attachment-tobel_core_image_size_square size-tobel_core_image_size_square wp-post-image\" alt=\"Photo Portrait Irina Serguevaa\" \/>\t\t\t<\/div>\n\t\t\t\t\t<\/div>\n\t\t<div class=\"qodef-e-content\" >\n\t\t\t<h4 itemprop=\"name\" class=\"qodef-e-title entry-title\" >\n\t\t\tIrina Serguevaa\t<\/h4>\n\t\t\t\t<p class=\"qodef-e-role\">Responsable coin Esth\u00e9tique \/ No. de tel: +41 (0)79 342 25 63<\/p>\n\t\t\t\t\t<\/div>\n\t<\/div>\n<\/div>\n<div class=\"qodef-e qodef-grid-item  post-1813 team type-team status-publish has-post-thumbnail hentry team-category-coiffeurs team-category-coloriste-vegetal team-category-mariage\">\n\t<div class=\"qodef-e-inner\">\n\t\t<div class=\"qodef-e-image\">\n\t\t\t\t<div class=\"qodef-e-media-image\">\n\t\t\t\t\t<img loading=\"lazy\" decoding=\"async\" width=\"650\" height=\"650\" src=\"https:\/\/www.lebaldescreateurs.com\/wp-content\/uploads\/2021\/04\/Guillaume-Douessin-Le-Bal-des-Createurs-650x650.jpg\" class=\"attachment-tobel_core_image_size_square size-tobel_core_image_size_square wp-post-image\" alt=\"\" srcset=\"https:\/\/www.lebaldescreateurs.com\/wp-content\/uploads\/2021\/04\/Guillaume-Douessin-Le-Bal-des-Createurs-650x650.jpg 650w, https:\/\/www.lebaldescreateurs.com\/wp-content\/uploads\/2021\/04\/Guillaume-Douessin-Le-Bal-des-Createurs-150x150.jpg 150w, https:\/\/www.lebaldescreateurs.com\/wp-content\/uploads\/2021\/04\/Guillaume-Douessin-Le-Bal-des-Createurs-300x300.jpg 300w, https:\/\/www.lebaldescreateurs.com\/wp-content\/uploads\/2021\/04\/Guillaume-Douessin-Le-Bal-des-Createurs-100x100.jpg 100w\" sizes=\"(max-width: 650px) 100vw, 650px\" \/>\t\t\t<\/div>\n\t\t\t\t<div class=\"qodef-team-member-social-icons\">\n\t\t\t\t\t\t\t<a class=\"qodef-team-member-social-icon\" href=\"https:\/\/www.lebaldescreateurs.com\/salon-de-coiffure-geneve\/guillaume-douessin-expert-coloriste-vegetal-geneve\/\" target=\"_blank\">\n\t\t\t\t\t\tCONSULTER PROFIL\t\t\t\t\t<\/a>\n\t\t\t\t\t\t\t\t\t\t<\/div>\n\t\t<\/div>\n\t\t<div class=\"qodef-e-content\" >\n\t\t\t<h4 itemprop=\"name\" class=\"qodef-e-title entry-title\" >\n\t\t\tGuillaume\t<\/h4>\n\t\t\t\t<p class=\"qodef-e-role\">Senior Stylist, Expert Colorist V\u00e9g\u00e9tal<\/p>\n\t\t\t\t\t<\/div>\n\t<\/div>\n<\/div>\n<div class=\"qodef-e qodef-grid-item  post-23683 team type-team status-publish has-post-thumbnail hentry team-category-barbier team-category-coiffeurs\">\n\t<div class=\"qodef-e-inner\">\n\t\t<div class=\"qodef-e-image\">\n\t\t\t\t<div class=\"qodef-e-media-image\">\n\t\t\t\t\t<img loading=\"lazy\" decoding=\"async\" width=\"650\" height=\"650\" src=\"https:\/\/www.lebaldescreateurs.com\/wp-content\/uploads\/2023\/10\/bartosz_dorociak_le_bal_des_createurs_barbier_barber_geneve-650x650.jpg\" class=\"attachment-tobel_core_image_size_square size-tobel_core_image_size_square wp-post-image\" alt=\"Bartosz Dorociak - Barbier Gen\u00e8ve - Le Bal des Cr\u00e9ateurs\" srcset=\"https:\/\/www.lebaldescreateurs.com\/wp-content\/uploads\/2023\/10\/bartosz_dorociak_le_bal_des_createurs_barbier_barber_geneve-650x650.jpg 650w, https:\/\/www.lebaldescreateurs.com\/wp-content\/uploads\/2023\/10\/bartosz_dorociak_le_bal_des_createurs_barbier_barber_geneve-150x150.jpg 150w, https:\/\/www.lebaldescreateurs.com\/wp-content\/uploads\/2023\/10\/bartosz_dorociak_le_bal_des_createurs_barbier_barber_geneve-1300x1300.jpg 1300w\" sizes=\"(max-width: 650px) 100vw, 650px\" \/>\t\t\t<\/div>\n\t\t\t\t<div class=\"qodef-team-member-social-icons\">\n\t\t\t\t\t\t\t<a class=\"qodef-team-member-social-icon\" href=\"https:\/\/www.lebaldescreateurs.com\/salon-de-coiffure-geneve\/bartosz-dorociak\/\" target=\"_blank\">\n\t\t\t\t\t\tCONSULTER PROFIL\t\t\t\t\t<\/a>\n\t\t\t\t\t\t\t\t\t\t<\/div>\n\t\t<\/div>\n\t\t<div class=\"qodef-e-content\" >\n\t\t\t<h4 itemprop=\"name\" class=\"qodef-e-title entry-title\" >\n\t\t\tBartosz\t<\/h4>\n\t\t\t\t<p class=\"qodef-e-role\">Barbier<\/p>\n\t\t\t\t\t<\/div>\n\t<\/div>\n<\/div>\n<div class=\"qodef-e qodef-grid-item  post-31501 team type-team status-publish has-post-thumbnail hentry team-category-social-media-manager\">\n\t<div class=\"qodef-e-inner\">\n\t\t<div class=\"qodef-e-image\">\n\t\t\t\t<div class=\"qodef-e-media-image\">\n\t\t\t\t\t<img loading=\"lazy\" decoding=\"async\" width=\"650\" height=\"650\" src=\"https:\/\/www.lebaldescreateurs.com\/wp-content\/uploads\/2024\/11\/Yury-Lis-le-bal-des-createurs-geneve-650x650.jpg\" class=\"attachment-tobel_core_image_size_square size-tobel_core_image_size_square wp-post-image\" alt=\"\" srcset=\"https:\/\/www.lebaldescreateurs.com\/wp-content\/uploads\/2024\/11\/Yury-Lis-le-bal-des-createurs-geneve-650x650.jpg 650w, https:\/\/www.lebaldescreateurs.com\/wp-content\/uploads\/2024\/11\/Yury-Lis-le-bal-des-createurs-geneve-150x150.jpg 150w, https:\/\/www.lebaldescreateurs.com\/wp-content\/uploads\/2024\/11\/Yury-Lis-le-bal-des-createurs-geneve-1300x1300.jpg 1300w\" sizes=\"(max-width: 650px) 100vw, 650px\" \/>\t\t\t<\/div>\n\t\t\t\t<div class=\"qodef-team-member-social-icons\">\n\t\t\t\t\t<\/div>\n\t\t<\/div>\n\t\t<div class=\"qodef-e-content\" >\n\t\t\t<h4 itemprop=\"name\" class=\"qodef-e-title entry-title\" >\n\t\t\tYury\t<\/h4>\n\t\t\t\t<p class=\"qodef-e-role\">Social Media Manager<\/p>\n\t\t\t\t\t<\/div>\n\t<\/div>\n<\/div>\n<div class=\"qodef-e qodef-grid-item  post-29568 team type-team status-publish has-post-thumbnail hentry team-category-office team-category-receptionniste\">\n\t<div class=\"qodef-e-inner\">\n\t\t<div class=\"qodef-e-image\">\n\t\t\t\t<div class=\"qodef-e-media-image\">\n\t\t\t\t\t<img loading=\"lazy\" decoding=\"async\" width=\"650\" height=\"650\" src=\"https:\/\/www.lebaldescreateurs.com\/wp-content\/uploads\/2024\/09\/Gabriel-Vasseur-le-bal-des-createurs-coiffeur-geneve-650x650.jpg\" class=\"attachment-tobel_core_image_size_square size-tobel_core_image_size_square wp-post-image\" alt=\"\" srcset=\"https:\/\/www.lebaldescreateurs.com\/wp-content\/uploads\/2024\/09\/Gabriel-Vasseur-le-bal-des-createurs-coiffeur-geneve-650x650.jpg 650w, https:\/\/www.lebaldescreateurs.com\/wp-content\/uploads\/2024\/09\/Gabriel-Vasseur-le-bal-des-createurs-coiffeur-geneve-150x150.jpg 150w, https:\/\/www.lebaldescreateurs.com\/wp-content\/uploads\/2024\/09\/Gabriel-Vasseur-le-bal-des-createurs-coiffeur-geneve-1300x1300.jpg 1300w\" sizes=\"(max-width: 650px) 100vw, 650px\" \/>\t\t\t<\/div>\n\t\t\t\t<div class=\"qodef-team-member-social-icons\">\n\t\t\t\t\t<\/div>\n\t\t<\/div>\n\t\t<div class=\"qodef-e-content\" >\n\t\t\t<h4 itemprop=\"name\" class=\"qodef-e-title entry-title\" >\n\t\t\tGabriel\t<\/h4>\n\t\t\t\t<p class=\"qodef-e-role\">Accueil<\/p>\n\t\t\t\t\t<\/div>\n\t<\/div>\n<\/div>\n<div class=\"qodef-e qodef-grid-item  post-12053 team type-team status-publish has-post-thumbnail hentry team-category-directeur team-category-office\">\n\t<div class=\"qodef-e-inner\">\n\t\t<div class=\"qodef-e-image\">\n\t\t\t\t<div class=\"qodef-e-media-image\">\n\t\t\t\t\t<img loading=\"lazy\" decoding=\"async\" width=\"650\" height=\"650\" src=\"https:\/\/www.lebaldescreateurs.com\/wp-content\/uploads\/2023\/02\/edvinas_gliebus_le_bal_des_createurs_geneve_suisse-650x650.jpg\" class=\"attachment-tobel_core_image_size_square size-tobel_core_image_size_square wp-post-image\" alt=\"Edvinas Gliebus, Co-Fondateur du Bal dees Cr\u00e9ateurs\" srcset=\"https:\/\/www.lebaldescreateurs.com\/wp-content\/uploads\/2023\/02\/edvinas_gliebus_le_bal_des_createurs_geneve_suisse-650x650.jpg 650w, https:\/\/www.lebaldescreateurs.com\/wp-content\/uploads\/2023\/02\/edvinas_gliebus_le_bal_des_createurs_geneve_suisse-150x150.jpg 150w, https:\/\/www.lebaldescreateurs.com\/wp-content\/uploads\/2023\/02\/edvinas_gliebus_le_bal_des_createurs_geneve_suisse-1300x1300.jpg 1300w, https:\/\/www.lebaldescreateurs.com\/wp-content\/uploads\/2023\/02\/edvinas_gliebus_le_bal_des_createurs_geneve_suisse-300x300.jpg 300w, https:\/\/www.lebaldescreateurs.com\/wp-content\/uploads\/2023\/02\/edvinas_gliebus_le_bal_des_createurs_geneve_suisse-100x100.jpg 100w\" sizes=\"(max-width: 650px) 100vw, 650px\" \/>\t\t\t<\/div>\n\t\t\t\t<div class=\"qodef-team-member-social-icons\">\n\t\t\t\t\t\t\t<a class=\"qodef-team-member-social-icon\" href=\"https:\/\/www.lebaldescreateurs.com\/salon-de-coiffure-geneve\/edvinas-gliebus\/\" target=\"_blank\">\n\t\t\t\t\t\tCONSULTER PROFIL\t\t\t\t\t<\/a>\n\t\t\t\t\t\t\t\t\t\t<\/div>\n\t\t<\/div>\n\t\t<div class=\"qodef-e-content\" >\n\t\t\t<h4 itemprop=\"name\" class=\"qodef-e-title entry-title\" >\n\t\t\tEdvinas Gliebus\t<\/h4>\n\t\t\t\t<p class=\"qodef-e-role\"> Co-fondateur, Directeur Ex\u00e9cutif<\/p>\n\t\t\t\t\t<\/div>\n\t<\/div>\n<\/div>\n<div class=\"qodef-e qodef-grid-item  post-28360 team type-team status-publish has-post-thumbnail hentry team-category-coiffeurs team-category-lissage team-category-mariage\">\n\t<div class=\"qodef-e-inner\">\n\t\t<div class=\"qodef-e-image\">\n\t\t\t\t<div class=\"qodef-e-media-image\">\n\t\t\t\t\t<img loading=\"lazy\" decoding=\"async\" width=\"650\" height=\"650\" src=\"https:\/\/www.lebaldescreateurs.com\/wp-content\/uploads\/2024\/07\/Sophia-Rameche-le-bal-des-createurs-coiffeur-geneve-650x650.jpg\" class=\"attachment-tobel_core_image_size_square size-tobel_core_image_size_square wp-post-image\" alt=\"Sophia Rameche - Le Bal des Cr\u00e9ateurs - Coiffeur visagiste Gen\u00e8ve\" srcset=\"https:\/\/www.lebaldescreateurs.com\/wp-content\/uploads\/2024\/07\/Sophia-Rameche-le-bal-des-createurs-coiffeur-geneve-650x650.jpg 650w, https:\/\/www.lebaldescreateurs.com\/wp-content\/uploads\/2024\/07\/Sophia-Rameche-le-bal-des-createurs-coiffeur-geneve-150x150.jpg 150w, https:\/\/www.lebaldescreateurs.com\/wp-content\/uploads\/2024\/07\/Sophia-Rameche-le-bal-des-createurs-coiffeur-geneve-1300x1300.jpg 1300w\" sizes=\"(max-width: 650px) 100vw, 650px\" \/>\t\t\t<\/div>\n\t\t\t\t<div class=\"qodef-team-member-social-icons\">\n\t\t\t\t\t\t\t<a class=\"qodef-team-member-social-icon\" href=\"https:\/\/www.lebaldescreateurs.com\/salon-de-coiffure-geneve\/sophia-rameche\" target=\"_blank\">\n\t\t\t\t\t\tCONSULTER PROFIL\t\t\t\t\t<\/a>\n\t\t\t\t\t\t\t\t\t\t<\/div>\n\t\t<\/div>\n\t\t<div class=\"qodef-e-content\" >\n\t\t\t<h4 itemprop=\"name\" class=\"qodef-e-title entry-title\" >\n\t\t\tSophia\t<\/h4>\n\t\t\t\t<p class=\"qodef-e-role\">Stylist, Experte Coupe<\/p>\n\t\t\t\t\t<\/div>\n\t<\/div>\n<\/div>\n\t<\/div>\n\t<\/div>\n\t\t\t\t<\/div>\n\t\t\t\t<\/div>\n\t\t\t\t\t<\/div>\n\t\t<\/div>\n\t\t\t\t\t<\/div>\n\t\t<\/section>\n\t\t\t\t\t<\/div>\n\t\t<\/div>\n\t\t\t\t\t<\/div>\n\t\t<\/section>\n\t\t<div class=\"elementor-element elementor-element-5487d8e e-flex e-con-boxed wpr-particle-no wpr-jarallax-no wpr-parallax-no wpr-sticky-section-no wpr-equal-height-no e-con e-parent\" data-id=\"5487d8e\" data-element_type=\"container\" data-e-type=\"container\">\n\t\t\t\t\t<div class=\"e-con-inner\">\n\t\t\t\t<div class=\"elementor-element elementor-element-383b285 elementor-hidden-desktop elementor-hidden-tablet elementor-widget elementor-widget-spacer\" data-id=\"383b285\" data-element_type=\"widget\" data-e-type=\"widget\" data-widget_type=\"spacer.default\">\n\t\t\t\t<div class=\"elementor-widget-container\">\n\t\t\t\t\t\t\t<div class=\"elementor-spacer\">\n\t\t\t<div class=\"elementor-spacer-inner\"><\/div>\n\t\t<\/div>\n\t\t\t\t\t\t<\/div>\n\t\t\t\t<\/div>\n\t\t\t\t\t<\/div>\n\t\t\t\t<\/div>\n\t\t\t\t<\/div>\n\t\t","protected":false},"excerpt":{"rendered":"<p>Senior Stylist Alan Garcia With over 45 years&#8217; experience, Alan is a renowned hairdresser and expert in men&#8217;s and women&#8217;s cuts. Apprenticed at Charles Inter Coiffure in Geneva, he quickly revealed his exceptional talent. In 1979, he refined his innovative techniques at Vidal Sassoonforging a unique, sophisticated style. In 1989, Alan confused Parall\u00e8les with Christophe Duranda venue that has become an essential reference point for Genevans. He trained with masters of hairdressing such as Jean Louis DeforgesToni &amp; Guy, and Lluis Llongueraskeeping abreast of the latest trends. For ten years, Alan directed fashion shows for the Uncle Foundation and the team&#8217;s training sessions, enriching his creativity and sense of detail. Renowned for his feminine short cuts and curly hair, he favors elegant, modern, natural and easy-to-maintain hairstyles. Alan speaks Spanish, English, Italian and French, making it easy to communicate with Le Bal&#8217;s international clientele. Bal des Cr\u00e9ateurs. His personalized approach and dedication make him a preferred choice for long-lasting cuts that showcase his expertise. Alan offers every customer a warm welcome, a unique experience as a visagist with a strong morpho-psychological background, and exceptional results. His arrival at the Bal des Cr\u00e9ateursalongside his friend Christophe Durand, is like coming home, allowing creative synergy to shine alongside us! Make an appointment Services Alan Garcia Blow-dry AlanBryanCherifChloeChristopheDaryaGuillaumeJohanJonathanKevinLauraMilaShannonSophie-LouVirginie Women&#8217;s haircut packages AlanBryanCherifChristopheDaryaGuillaumeHair SalonHairdressingJohanJonathanKevinLauraMilaShannonSophie-LouVirginie Cut + fitagem (styling for curly hair) AlanChristopheHair SalonHairdressingJohan Transformation Cut AlanCherifChristopheGuillaumeHair SalonHairdressingJohanKevinMilaVirginie Men&#8217;s haircut packages AlanBartoszBryanChloeChristopheDaryaFranciscoGuillaumeHair SalonHairdressingJohanJonathanKevinLauraMilaSophie-LouVirginie Updo AlanCherifChloeChristopheGuillaumeHair SalonHairdressingJonathanKevinLauraShannonVirginie No posts were found for provided query parameters. the expertise Alan Garcia NATURAL EMPATHY Alan doesn&#8217;t just style hair; he listens. With deep empathy, he understands your needs and desires, creating a hairstyle that truly reflects you. EASE OF STYLING AT HOME Beauty should be practical. That&#8217;s why he designs cuts that not only shine in the salon but are also easy to maintain at home. POSITIVE ENERGY Meeting Alan is entering a space of good mood and positive energy. His infectious dynamism makes every visit a pleasant and revitalizing moment, always leaving you with a smile. TRAINING Alan has honed his skills by training with the most illustrious figures in hairstyling. These experiences have allowed him to master innovative techniques and acquire a forward-thinking vision. Your words Our clients say &quot;&lt;&#8230;&gt; D\u00e8s l&#039;entr\u00e9e nous ressentons un sentiment chaleureux, l&#039;accueil et le d\u00e9core sont simplement magnifique. Ce jour l\u00e0 \u00e9tant arriver en avance j&#039;en ai profiter pour gouter un jus de fruit pr\u00e9parer par Jaqueline, il \u00e9t\u00e9 vraiment d\u00e9licieux et frais. &lt;&#8230;&gt;. Je recommande grandement ce salon de coiffure au style unique et je remercie du fond du c\u0153ur Edvinas pour le temps qu&#039;il m&#039;a accord\u00e9 pour r\u00e9pondre \u00e0 mes question et m&#039;expliquer son univers transmis dans ce salon.&quot; Jeremy sur salonkee.ch &quot;Un moment de bien \u00eatre et d\u00e9contract\u00e9 avec un super r\u00e9sultat. Je suis sortie toute belle et de fort bonne humeur !&quot; Jannick sur salonkee.ch &quot;super accueil, personnel souriant et dr\u00f4le, coiffeur tr\u00e8s sympa ! Un bon moment !&quot; Jacques sur salonkee.ch Together The Team of bal des cr\u00e9ateurs CONSULTER PROFIL Laura Stylist, Coloriste Rosangela Gossauer Esth\u00e9ticienne, Expert Rituel Relaxation et \u00c9pilation \/ No. de tel: +41 (0)78 245 33 93 CONSULTER PROFIL Bryan Stylist, Colorist Jos\u00e9 Apprenti 1\u00e8re ann\u00e9e CONSULTER PROFIL Johan Stylist, Colorist V\u00e9g\u00e9tal, Expert Boucles Jacqueline R\u00e9ceptionniste, Barmaid CONSULTER PROFIL Guillaume Senior Stylist, Expert Colorist V\u00e9g\u00e9tal CONSULTER PROFIL Cherif Senior Stylist, Make-up Artist, Colorist CONSULTER PROFIL Sylviane Senior Colorist CONSULTER PROFIL Shannon Stylist, Colorist Gabriel Accueil Jos\u00e9 Apprenti 1\u00e8re ann\u00e9e CONSULTER PROFIL Johan Stylist, Colorist V\u00e9g\u00e9tal, Expert Boucles Laurence Make-up Artist CONSULTER PROFIL Kevin Colorist, Stylist CONSULTER PROFIL Edvinas Gliebus Co-fondateur, Directeur Ex\u00e9cutif<\/p>\n","protected":false},"author":3,"featured_media":0,"parent":21846,"menu_order":0,"comment_status":"closed","ping_status":"closed","template":"","meta":{"footnotes":""},"class_list":["post-28813","page","type-page","status-publish","hentry"],"_links":{"self":[{"href":"https:\/\/www.lebaldescreateurs.com\/en\/wp-json\/wp\/v2\/pages\/28813","targetHints":{"allow":["GET"]}}],"collection":[{"href":"https:\/\/www.lebaldescreateurs.com\/en\/wp-json\/wp\/v2\/pages"}],"about":[{"href":"https:\/\/www.lebaldescreateurs.com\/en\/wp-json\/wp\/v2\/types\/page"}],"author":[{"embeddable":true,"href":"https:\/\/www.lebaldescreateurs.com\/en\/wp-json\/wp\/v2\/users\/3"}],"replies":[{"embeddable":true,"href":"https:\/\/www.lebaldescreateurs.com\/en\/wp-json\/wp\/v2\/comments?post=28813"}],"version-history":[{"count":0,"href":"https:\/\/www.lebaldescreateurs.com\/en\/wp-json\/wp\/v2\/pages\/28813\/revisions"}],"up":[{"embeddable":true,"href":"https:\/\/www.lebaldescreateurs.com\/en\/wp-json\/wp\/v2\/pages\/21846"}],"wp:attachment":[{"href":"https:\/\/www.lebaldescreateurs.com\/en\/wp-json\/wp\/v2\/media?parent=28813"}],"curies":[{"name":"wp","href":"https:\/\/api.w.org\/{rel}","templated":true}]}}