{"id":22398,"date":"2023-01-19T14:23:04","date_gmt":"2023-01-19T13:23:04","guid":{"rendered":"https:\/\/www.lebaldescreateurs.com\/veranstaltungen\/"},"modified":"2024-06-07T22:29:56","modified_gmt":"2024-06-07T20:29:56","slug":"veranstaltungen","status":"publish","type":"page","link":"https:\/\/www.lebaldescreateurs.com\/de\/veranstaltungen\/","title":{"rendered":"Veranstaltungen"},"content":{"rendered":"\t\t<div data-elementor-type=\"wp-page\" data-elementor-id=\"22398\" class=\"elementor elementor-22398 elementor-11783\" data-elementor-post-type=\"page\">\n\t\t\t\t\t\t<section class=\"elementor-section elementor-inner-section elementor-element elementor-element-2571fb2f elementor-section-boxed elementor-section-height-default elementor-section-height-default wpr-particle-no wpr-jarallax-no wpr-parallax-no wpr-sticky-section-no wpr-equal-height-no qodef-elementor-content-no qodef-elementor-overlay-no\" data-id=\"2571fb2f\" data-element_type=\"section\" data-e-type=\"section\">\n\t\t\t\t\t\t<div class=\"elementor-container elementor-column-gap-default\">\n\t\t\t\t\t<div class=\"elementor-column elementor-col-50 elementor-inner-column elementor-element elementor-element-7a94a3e1\" data-id=\"7a94a3e1\" data-element_type=\"column\" data-e-type=\"column\">\n\t\t\t<div class=\"elementor-widget-wrap elementor-element-populated\">\n\t\t\t\t\t\t<div class=\"elementor-element elementor-element-40d21715 elementor-widget elementor-widget-tobel_core_section_title\" data-id=\"40d21715\" data-element_type=\"widget\" data-e-type=\"widget\" data-widget_type=\"tobel_core_section_title.default\">\n\t\t\t\t<div class=\"elementor-widget-container\">\n\t\t\t\t\t<div class=\"qodef-shortcode qodef-m  qodef-section-title qodef-alignment--left \">\n\t\t<p class=\"qodef-m-subtitle\" style=\"margin-bottom: -8px;font-size: 50px\">\n\t\tAgenda\t<\/p>\n\t\t<h1 class=\"qodef-m-title\" >\n\t\t\t\t\tUnsere Veranstaltungen\t\t\t<\/h1>\n\t\t<p class=\"qodef-m-text\" >Modenschauen, Performances, berufliche Fortbildungen, Fotoausstellungen, Magazinver\u00f6ffentlichungen, Konzerte oder Filmvorf\u00fchrungen \u2013 Le Bal des Cr\u00e9ateurs ist ganz im Heute verankert und hat das Ziel, die Kreativit\u00e4t aus der Schweiz und dar\u00fcber hinaus zu f\u00f6rdern. Der multifunktionale Raum (zur Vermietung verf\u00fcgbar) bietet eine einzigartige Handlungsfreiheit in Genf: Fotostudio, private Veranstaltungen, Schulungen, Kurse... die Vielseitigkeit eines Ortes, der den Ideen dient.\n\nNeben diesen Aktivit\u00e4ten beherbergt der Raum auch kreative Workshops, berufliche Seminare, Co-Working-Sitzungen, Vernissagen und Themenabende. Unser vielseitiger Ort bietet somit eine dynamische Plattform f\u00fcr Kreative, K\u00fcnstler und Unternehmer, die ihre Projekte erkunden und teilen m\u00f6chten. Ein Talentpool im Herzen der Stadt.<\/p>\n<\/div>\n\t\t\t\t<\/div>\n\t\t\t\t<\/div>\n\t\t\t\t<div class=\"elementor-element elementor-element-578f3ef1 elementor-widget elementor-widget-tobel_core_button\" data-id=\"578f3ef1\" data-element_type=\"widget\" data-e-type=\"widget\" data-widget_type=\"tobel_core_button.default\">\n\t\t\t\t<div class=\"elementor-widget-container\">\n\t\t\t\t\t<a class=\"qodef-shortcode qodef-m  qodef-button qodef-layout--textual  qodef-html--link\" href=\"https:\/\/www.lebaldescreateurs.com\/contacter-nous\/\" target=\"_self\"  >\n\t<span class=\"qodef-m-text\">Kontaktieren Sie uns<\/span>\n<\/a>\n\t\t\t\t<\/div>\n\t\t\t\t<\/div>\n\t\t\t\t\t<\/div>\n\t\t<\/div>\n\t\t\t\t<div class=\"elementor-column elementor-col-50 elementor-inner-column elementor-element elementor-element-5b232fe9\" data-id=\"5b232fe9\" data-element_type=\"column\" data-e-type=\"column\">\n\t\t\t<div class=\"elementor-widget-wrap elementor-element-populated\">\n\t\t\t\t\t\t<div class=\"elementor-element elementor-element-47ca5d10 elementor-widget elementor-widget-tobel_core_single_image\" data-id=\"47ca5d10\" data-element_type=\"widget\" data-e-type=\"widget\" data-widget_type=\"tobel_core_single_image.default\">\n\t\t\t\t<div class=\"elementor-widget-container\">\n\t\t\t\t\t<div class=\"qodef-shortcode qodef-m  qodef-single-image qodef-layout--default qodef-parallax-item\">\n\t\t<div class=\"qodef-m-image\">\n\t\t\t\t\t\t<img fetchpriority=\"high\" decoding=\"async\" width=\"750\" height=\"500\" src=\"https:\/\/www.lebaldescreateurs.com\/wp-content\/uploads\/2023\/04\/agenda_evenements_le_bal_des_createurs_geneve-e1682524534599.jpg\" class=\"attachment-full size-full\" alt=\"\" srcset=\"https:\/\/www.lebaldescreateurs.com\/wp-content\/uploads\/2023\/04\/agenda_evenements_le_bal_des_createurs_geneve-e1682524534599.jpg 750w, https:\/\/www.lebaldescreateurs.com\/wp-content\/uploads\/2023\/04\/agenda_evenements_le_bal_des_createurs_geneve-e1682524534599-300x200.jpg 300w, https:\/\/www.lebaldescreateurs.com\/wp-content\/uploads\/2023\/04\/agenda_evenements_le_bal_des_createurs_geneve-e1682524534599-600x400.jpg 600w\" sizes=\"(max-width: 750px) 100vw, 750px\" \/>\t\t\t\t\t<\/div>\n<\/div>\n\t\t\t\t<\/div>\n\t\t\t\t<\/div>\n\t\t\t\t\t<\/div>\n\t\t<\/div>\n\t\t\t\t\t<\/div>\n\t\t<\/section>\n\t\t<div class=\"elementor-element elementor-element-0190f28 e-flex e-con-boxed wpr-particle-no wpr-jarallax-no wpr-parallax-no wpr-sticky-section-no wpr-equal-height-no e-con e-parent\" data-id=\"0190f28\" data-element_type=\"container\" data-e-type=\"container\">\n\t\t\t\t\t<div class=\"e-con-inner\">\n\t\t\t\t<div class=\"elementor-element elementor-element-33a5a4a elementor-grid-3 elementor-grid-tablet-2 elementor-grid-mobile-1 elementor-widget elementor-widget-loop-grid\" data-id=\"33a5a4a\" data-element_type=\"widget\" data-e-type=\"widget\" data-settings=\"{&quot;template_id&quot;:17520,&quot;_skin&quot;:&quot;post&quot;,&quot;columns&quot;:&quot;3&quot;,&quot;columns_tablet&quot;:&quot;2&quot;,&quot;columns_mobile&quot;:&quot;1&quot;,&quot;edit_handle_selector&quot;:&quot;[data-elementor-type=\\&quot;loop-item\\&quot;]&quot;,&quot;row_gap&quot;:{&quot;unit&quot;:&quot;px&quot;,&quot;size&quot;:&quot;&quot;,&quot;sizes&quot;:[]},&quot;row_gap_tablet&quot;:{&quot;unit&quot;:&quot;px&quot;,&quot;size&quot;:&quot;&quot;,&quot;sizes&quot;:[]},&quot;row_gap_mobile&quot;:{&quot;unit&quot;:&quot;px&quot;,&quot;size&quot;:&quot;&quot;,&quot;sizes&quot;:[]}}\" data-widget_type=\"loop-grid.post\">\n\t\t\t\t<div class=\"elementor-widget-container\">\n\t\t\t\t\t\t\t<div class=\"elementor-loop-container elementor-grid\" role=\"list\">\n\t\t<style id=\"loop-17520\"><\/style>\t\t<\/div>\n\t\t\n\t\t\t\t\t\t<\/div>\n\t\t\t\t<\/div>\n\t\t\t\t\t<\/div>\n\t\t\t\t<\/div>\n\t\t<div class=\"elementor-element elementor-element-2400d0c e-flex e-con-boxed wpr-particle-no wpr-jarallax-no wpr-parallax-no wpr-sticky-section-no wpr-equal-height-no e-con e-parent\" data-id=\"2400d0c\" data-element_type=\"container\" data-e-type=\"container\">\n\t\t\t\t\t<div class=\"e-con-inner\">\n\t\t\t\t<div class=\"elementor-element elementor-element-6a3459a elementor-widget elementor-widget-eael-event-calendar\" data-id=\"6a3459a\" data-element_type=\"widget\" data-e-type=\"widget\" data-widget_type=\"eael-event-calendar.default\">\n\t\t\t\t<div class=\"elementor-widget-container\">\n\t\t\t\t\t<div class=\"eael-event-calendar-wrapper layout-calendar\"><div id=\"eael-event-calendar-6a3459a\" class=\"eael-event-calendar-cls\"\n            data-cal_id = \"6a3459a\"\n            data-locale = \"fr\"\n            data-translate = \"{&quot;today&quot;:&quot;Today&quot;,&quot;tomorrow&quot;:&quot;Tomorrow&quot;}\"\n            data-defaultview = \"dayGridMonth\"\n            data-defaultdate = \"2026-04-27\"\n            data-time_format = \"yes\"\n            data-event_limit = \"3\"\n            data-popup_date_format = \"MMM Do\"\n            data-multidays_event_day_count= \"0\"\n            data-monthColumnHeaderFormat = \"\"\n            data-weekColumnHeaderFormat = \"\"\n            data-hideDetailsLink= \"\"\n            data-detailsButtonText = \"PLUS D&#039;INFOS\"\n            data-location-display = \"\"\n            data-events=\"[{&quot;id&quot;:0,&quot;title&quot;:&quot;Nacht der B\\u00e4der&quot;,&quot;description&quot;:&quot;&lt;p&gt;Weitere Informationen werden in K\\u00fcrze ver\\u00f6ffentlicht.&lt;\\\/p&gt;&quot;,&quot;start&quot;:&quot;2023-09-14 18:00&quot;,&quot;end&quot;:&quot;2023-09-14 23:00:01&quot;,&quot;borderColor&quot;:&quot;#E24A10&quot;,&quot;textColor&quot;:&quot;#F4F4F4&quot;,&quot;color&quot;:&quot;#B59175&quot;,&quot;url&quot;:&quot;https:\\\/\\\/www.lebaldescreateurs.com\\\/bleu-vernissage-joelle-cabanne-geneve\\\/&quot;,&quot;allDay&quot;:&quot;&quot;,&quot;external&quot;:&quot;&quot;,&quot;nofollow&quot;:&quot;&quot;,&quot;is_redirect&quot;:&quot;&quot;,&quot;custom_attributes&quot;:[],&quot;location&quot;:&quot;&quot;,&quot;category&quot;:&quot;&quot;,&quot;event_link&quot;:{&quot;url&quot;:&quot;https:\\\/\\\/www.lebaldescreateurs.com\\\/bleu-vernissage-joelle-cabanne-geneve\\\/&quot;,&quot;is_external&quot;:&quot;&quot;,&quot;nofollow&quot;:&quot;&quot;,&quot;custom_attributes&quot;:&quot;&quot;}},{&quot;id&quot;:1,&quot;title&quot;:&quot;*Meet the Artist*: Jo\\u00eblle Cabanne&quot;,&quot;description&quot;:&quot;&lt;h4 class=\\&quot;elementor-heading-title elementor-size-default\\&quot;&gt;BLEU : PLONGEONS DANS L\\u2019UNIVERS ENVO\\u00dbTANT DE JO\\u00cbLLE CABANNE&lt;\\\/h4&gt;&lt;p&gt;&lt;img class=\\&quot;aligncenter size-full wp-image-23823\\&quot; src=\\&quot;https:\\\/\\\/www.lebaldescreateurs.com\\\/wp-content\\\/uploads\\\/2023\\\/10\\\/Meet-the-artist.jpg\\&quot; alt=\\&quot;\\&quot; width=\\&quot;1036\\&quot; height=\\&quot;1042\\&quot; \\\/&gt;&lt;\\\/p&gt;&quot;,&quot;start&quot;:&quot;2023-10-26 16:30&quot;,&quot;end&quot;:&quot;2023-10-26 19:30:01&quot;,&quot;borderColor&quot;:&quot;#E24A10&quot;,&quot;textColor&quot;:&quot;#F4F4F4&quot;,&quot;color&quot;:&quot;#B59175&quot;,&quot;url&quot;:&quot;https:\\\/\\\/www.lebaldescreateurs.com\\\/bleu-vernissage-joelle-cabanne-geneve\\\/&quot;,&quot;allDay&quot;:&quot;&quot;,&quot;external&quot;:&quot;&quot;,&quot;nofollow&quot;:&quot;&quot;,&quot;is_redirect&quot;:&quot;&quot;,&quot;custom_attributes&quot;:[],&quot;location&quot;:&quot;&quot;,&quot;category&quot;:&quot;&quot;,&quot;event_link&quot;:{&quot;url&quot;:&quot;https:\\\/\\\/www.lebaldescreateurs.com\\\/bleu-vernissage-joelle-cabanne-geneve\\\/&quot;,&quot;is_external&quot;:&quot;&quot;,&quot;nofollow&quot;:&quot;&quot;,&quot;custom_attributes&quot;:&quot;&quot;}},{&quot;id&quot;:2,&quot;title&quot;:&quot;Berufliche Bildung&quot;,&quot;description&quot;:&quot;&lt;p&gt;Weitere Informationen werden in K\\u00fcrze ver\\u00f6ffentlicht.&lt;\\\/p&gt;&quot;,&quot;start&quot;:&quot;2023-06-19 10:00&quot;,&quot;end&quot;:&quot;2023-06-17 17:00:01&quot;,&quot;borderColor&quot;:&quot;#B59175&quot;,&quot;textColor&quot;:&quot;#F4F4F4&quot;,&quot;color&quot;:&quot;#B59175&quot;,&quot;url&quot;:&quot;&quot;,&quot;allDay&quot;:&quot;&quot;,&quot;external&quot;:&quot;&quot;,&quot;nofollow&quot;:&quot;&quot;,&quot;is_redirect&quot;:&quot;&quot;,&quot;custom_attributes&quot;:[],&quot;location&quot;:&quot;&quot;,&quot;category&quot;:&quot;&quot;,&quot;event_link&quot;:{&quot;url&quot;:&quot;&quot;,&quot;is_external&quot;:&quot;&quot;,&quot;nofollow&quot;:&quot;&quot;,&quot;custom_attributes&quot;:&quot;&quot;}},{&quot;id&quot;:3,&quot;title&quot;:&quot;Berufliche Bildung&quot;,&quot;description&quot;:&quot;&lt;p&gt;Weitere Informationen werden in K\\u00fcrze ver\\u00f6ffentlicht.&lt;\\\/p&gt;&quot;,&quot;start&quot;:&quot;2023-06-26 10:00&quot;,&quot;end&quot;:&quot;2023-06-26 17:00:01&quot;,&quot;borderColor&quot;:&quot;#B59175&quot;,&quot;textColor&quot;:&quot;#F4F4F4&quot;,&quot;color&quot;:&quot;#B59175&quot;,&quot;url&quot;:&quot;&quot;,&quot;allDay&quot;:&quot;&quot;,&quot;external&quot;:&quot;&quot;,&quot;nofollow&quot;:&quot;&quot;,&quot;is_redirect&quot;:&quot;&quot;,&quot;custom_attributes&quot;:[],&quot;location&quot;:&quot;&quot;,&quot;category&quot;:&quot;&quot;,&quot;event_link&quot;:{&quot;url&quot;:&quot;&quot;,&quot;is_external&quot;:&quot;&quot;,&quot;nofollow&quot;:&quot;&quot;,&quot;custom_attributes&quot;:&quot;&quot;}},{&quot;id&quot;:4,&quot;title&quot;:&quot;Berufliche Bildung&quot;,&quot;description&quot;:&quot;&lt;p&gt;Weitere Informationen werden in K\\u00fcrze ver\\u00f6ffentlicht.&lt;\\\/p&gt;&quot;,&quot;start&quot;:&quot;2023-07-03 10:00&quot;,&quot;end&quot;:&quot;2023-07-03 17:00:01&quot;,&quot;borderColor&quot;:&quot;#B59175&quot;,&quot;textColor&quot;:&quot;#F4F4F4&quot;,&quot;color&quot;:&quot;#B59175&quot;,&quot;url&quot;:&quot;&quot;,&quot;allDay&quot;:&quot;&quot;,&quot;external&quot;:&quot;&quot;,&quot;nofollow&quot;:&quot;&quot;,&quot;is_redirect&quot;:&quot;&quot;,&quot;custom_attributes&quot;:[],&quot;location&quot;:&quot;&quot;,&quot;category&quot;:&quot;&quot;,&quot;event_link&quot;:{&quot;url&quot;:&quot;&quot;,&quot;is_external&quot;:&quot;&quot;,&quot;nofollow&quot;:&quot;&quot;,&quot;custom_attributes&quot;:&quot;&quot;}},{&quot;id&quot;:5,&quot;title&quot;:&quot;Berufliche Bildung&quot;,&quot;description&quot;:&quot;&lt;p&gt;Weitere Informationen werden in K\\u00fcrze ver\\u00f6ffentlicht.&lt;\\\/p&gt;&quot;,&quot;start&quot;:&quot;2023-07-10 10:00&quot;,&quot;end&quot;:&quot;2023-07-10 17:00:01&quot;,&quot;borderColor&quot;:&quot;#B59175&quot;,&quot;textColor&quot;:&quot;#F4F4F4&quot;,&quot;color&quot;:&quot;#B59175&quot;,&quot;url&quot;:&quot;&quot;,&quot;allDay&quot;:&quot;&quot;,&quot;external&quot;:&quot;&quot;,&quot;nofollow&quot;:&quot;&quot;,&quot;is_redirect&quot;:&quot;&quot;,&quot;custom_attributes&quot;:[],&quot;location&quot;:&quot;&quot;,&quot;category&quot;:&quot;&quot;,&quot;event_link&quot;:{&quot;url&quot;:&quot;&quot;,&quot;is_external&quot;:&quot;&quot;,&quot;nofollow&quot;:&quot;&quot;,&quot;custom_attributes&quot;:&quot;&quot;}},{&quot;id&quot;:6,&quot;title&quot;:&quot;Berufliche Bildung&quot;,&quot;description&quot;:&quot;&lt;p&gt;Weitere Informationen werden in K\\u00fcrze ver\\u00f6ffentlicht.&lt;\\\/p&gt;&quot;,&quot;start&quot;:&quot;2023-07-17 10:00&quot;,&quot;end&quot;:&quot;2023-07-17 17:00:01&quot;,&quot;borderColor&quot;:&quot;#B59175&quot;,&quot;textColor&quot;:&quot;#F4F4F4&quot;,&quot;color&quot;:&quot;#B59175&quot;,&quot;url&quot;:&quot;&quot;,&quot;allDay&quot;:&quot;&quot;,&quot;external&quot;:&quot;&quot;,&quot;nofollow&quot;:&quot;&quot;,&quot;is_redirect&quot;:&quot;&quot;,&quot;custom_attributes&quot;:[],&quot;location&quot;:&quot;&quot;,&quot;category&quot;:&quot;&quot;,&quot;event_link&quot;:{&quot;url&quot;:&quot;&quot;,&quot;is_external&quot;:&quot;&quot;,&quot;nofollow&quot;:&quot;&quot;,&quot;custom_attributes&quot;:&quot;&quot;}},{&quot;id&quot;:7,&quot;title&quot;:&quot;FORMATION COUPE AVEC JEAN-PHILIPPE PECORARO \\u00c0 GEN\\u00c8VE&quot;,&quot;description&quot;:&quot;&lt;p&gt;\\ud83c\\udf1f &lt;strong&gt;Votre formateur&lt;\\\/strong&gt; : Rencontrez le renomm\\u00e9 &lt;strong&gt;Jean-Philippe Pecoraro&lt;\\\/strong&gt;, figure embl\\u00e9matique de la coiffure dans la r\\u00e9gion PACA. Avec sa r\\u00e9putation \\u00e9tincelante en tant qu&#039;ambassadeur de Jacques Seban, il est le g\\u00e9rant du prestigieux salon &lt;em&gt;Les coiffeurs du Sud&lt;\\\/em&gt;. &lt;strong&gt;Jean-Philippe&lt;\\\/strong&gt; est un fervent d\\u00e9fenseur de la cr\\u00e9ativit\\u00e9, de la convivialit\\u00e9 et du partage autour du monde artistique du cheveu. Et pour la premi\\u00e8re fois, il sera accueilli au &lt;em&gt;Bal des Cr\\u00e9ateurs&lt;\\\/em&gt; \\u00e0 Gen\\u00e8ve pour un stage exceptionnel.&lt;\\\/p&gt;&lt;p&gt;\\ud83c\\udf1f &lt;strong&gt;Ses sp\\u00e9cialit\\u00e9s&lt;\\\/strong&gt; : Sa technique se d\\u00e9marque par une approche anglo-saxonne, consid\\u00e9rant le cheveu comme une mati\\u00e8re \\u00e0 part enti\\u00e8re. Il ma\\u00eetrise \\u00e0 la perfection des coupes courtes d\\u00e9structur\\u00e9es comme le \\&quot;five point cut\\&quot;, et propose des coupes graphiques et asym\\u00e9triques selon une technique in\\u00e9dite et avant-gardiste.&lt;\\\/p&gt;&lt;p&gt;\\ud83d\\uddd3\\ufe0f &lt;strong&gt;Dates &amp;amp; Horaires&lt;\\\/strong&gt; : Le stage se tiendra sur trois jours cons\\u00e9cutifs, du 24 au 26 septembre. Les sessions sont pr\\u00e9vues de 9h \\u00e0 17h.&lt;\\\/p&gt;&lt;p&gt;\\ud83d\\udd34 &lt;strong&gt;Pr\\u00e9sence&lt;\\\/strong&gt; : Tous les participants doivent \\u00eatre pr\\u00e9sents pendant les trois jours complets de la formation afin d&#039;assurer une exp\\u00e9rience compl\\u00e8te et une coh\\u00e9rence dans l&#039;apprentissage.&lt;\\\/p&gt;&lt;p&gt;\\ud83d\\udcb0 &lt;strong&gt;Tarif&lt;\\\/strong&gt; : 600 CHF (la totalit\\u00e9 de la prestation, 3 jours)&lt;\\\/p&gt;&lt;p&gt;&lt;strong&gt;R\\u00e9servez Votre Place&lt;\\\/strong&gt; : Les places sont tr\\u00e8s limit\\u00e9es. Pour plus d&#039;informations ou pour r\\u00e9server votre place, veuillez contacter Aur\\u00e9lie au 022 320 00 55.&lt;\\\/p&gt;&lt;p&gt;&lt;strong&gt;Ne manquez pas cette occasion unique de vous former avec l&#039;un des meilleurs dans le domaine de la coiffure !\\u00a0&lt;\\\/strong&gt;&lt;\\\/p&gt;&quot;,&quot;start&quot;:&quot;2023-09-24 09:00&quot;,&quot;end&quot;:&quot;2023-09-24 17:00:01&quot;,&quot;borderColor&quot;:&quot;#B59175&quot;,&quot;textColor&quot;:&quot;#F4F4F4&quot;,&quot;color&quot;:&quot;#B59175&quot;,&quot;url&quot;:&quot;&quot;,&quot;allDay&quot;:&quot;&quot;,&quot;external&quot;:&quot;&quot;,&quot;nofollow&quot;:&quot;&quot;,&quot;is_redirect&quot;:&quot;&quot;,&quot;custom_attributes&quot;:[],&quot;location&quot;:&quot;&quot;,&quot;category&quot;:&quot;&quot;,&quot;event_link&quot;:{&quot;url&quot;:&quot;&quot;,&quot;is_external&quot;:&quot;&quot;,&quot;nofollow&quot;:&quot;&quot;,&quot;custom_attributes&quot;:&quot;&quot;}},{&quot;id&quot;:8,&quot;title&quot;:&quot;FORMATION COUPE AVEC JEAN-PHILIPPE PECORARO \\u00c0 GEN\\u00c8VE&quot;,&quot;description&quot;:&quot;&lt;p&gt;\\ud83c\\udf1f &lt;strong&gt;Votre formateur&lt;\\\/strong&gt; : Rencontrez le renomm\\u00e9 &lt;strong&gt;Jean-Philippe Pecoraro&lt;\\\/strong&gt;, figure embl\\u00e9matique de la coiffure dans la r\\u00e9gion PACA. Avec sa r\\u00e9putation \\u00e9tincelante en tant qu&#039;ambassadeur de Jacques Seban, il est le g\\u00e9rant du prestigieux salon &lt;em&gt;Les coiffeurs du Sud&lt;\\\/em&gt;. &lt;strong&gt;Jean-Philippe&lt;\\\/strong&gt; est un fervent d\\u00e9fenseur de la cr\\u00e9ativit\\u00e9, de la convivialit\\u00e9 et du partage autour du monde artistique du cheveu. Et pour la premi\\u00e8re fois, il sera accueilli au &lt;em&gt;Bal des Cr\\u00e9ateurs&lt;\\\/em&gt; \\u00e0 Gen\\u00e8ve pour un stage exceptionnel.&lt;\\\/p&gt;&lt;p&gt;\\ud83c\\udf1f &lt;strong&gt;Ses sp\\u00e9cialit\\u00e9s&lt;\\\/strong&gt; : Sa technique se d\\u00e9marque par une approche anglo-saxonne, consid\\u00e9rant le cheveu comme une mati\\u00e8re \\u00e0 part enti\\u00e8re. Il ma\\u00eetrise \\u00e0 la perfection des coupes courtes d\\u00e9structur\\u00e9es comme le \\&quot;five point cut\\&quot;, et propose des coupes graphiques et asym\\u00e9triques selon une technique in\\u00e9dite et avant-gardiste.&lt;\\\/p&gt;&lt;p&gt;\\ud83d\\uddd3\\ufe0f &lt;strong&gt;Dates &amp;amp; Horaires&lt;\\\/strong&gt; : Le stage se tiendra sur trois jours cons\\u00e9cutifs, du 24 au 26 septembre. Les sessions sont pr\\u00e9vues de 9h \\u00e0 17h.&lt;\\\/p&gt;&lt;p&gt;\\ud83d\\udd34 &lt;strong&gt;Pr\\u00e9sence&lt;\\\/strong&gt; : Tous les participants doivent \\u00eatre pr\\u00e9sents pendant les trois jours complets de la formation afin d&#039;assurer une exp\\u00e9rience compl\\u00e8te et une coh\\u00e9rence dans l&#039;apprentissage.&lt;\\\/p&gt;&lt;p&gt;\\ud83d\\udcb0 &lt;strong&gt;Tarif&lt;\\\/strong&gt; : 600 CHF (la totalit\\u00e9 de la prestation, 3 jours)&lt;\\\/p&gt;&lt;p&gt;&lt;strong&gt;R\\u00e9servez Votre Place&lt;\\\/strong&gt; : Les places sont tr\\u00e8s limit\\u00e9es. Pour plus d&#039;informations ou pour r\\u00e9server votre place, veuillez contacter Aur\\u00e9lie au 022 320 00 55.&lt;\\\/p&gt;&lt;p&gt;&lt;strong&gt;Ne manquez pas cette occasion unique de vous former avec l&#039;un des meilleurs dans le domaine de la coiffure !\\u00a0&lt;\\\/strong&gt;&lt;\\\/p&gt;&quot;,&quot;start&quot;:&quot;2023-09-25 09:00&quot;,&quot;end&quot;:&quot;2023-09-25 17:00:01&quot;,&quot;borderColor&quot;:&quot;#B59175&quot;,&quot;textColor&quot;:&quot;#F4F4F4&quot;,&quot;color&quot;:&quot;#B59175&quot;,&quot;url&quot;:&quot;&quot;,&quot;allDay&quot;:&quot;&quot;,&quot;external&quot;:&quot;&quot;,&quot;nofollow&quot;:&quot;&quot;,&quot;is_redirect&quot;:&quot;&quot;,&quot;custom_attributes&quot;:[],&quot;location&quot;:&quot;&quot;,&quot;category&quot;:&quot;&quot;,&quot;event_link&quot;:{&quot;url&quot;:&quot;&quot;,&quot;is_external&quot;:&quot;&quot;,&quot;nofollow&quot;:&quot;&quot;,&quot;custom_attributes&quot;:&quot;&quot;}},{&quot;id&quot;:9,&quot;title&quot;:&quot;FORMATION COUPE AVEC JEAN-PHILIPPE PECORARO \\u00c0 GEN\\u00c8VE&quot;,&quot;description&quot;:&quot;&lt;p&gt;\\ud83c\\udf1f &lt;strong&gt;Votre formateur&lt;\\\/strong&gt; : Rencontrez le renomm\\u00e9 &lt;strong&gt;Jean-Philippe Pecoraro&lt;\\\/strong&gt;, figure embl\\u00e9matique de la coiffure dans la r\\u00e9gion PACA. Avec sa r\\u00e9putation \\u00e9tincelante en tant qu&#039;ambassadeur de Jacques Seban, il est le g\\u00e9rant du prestigieux salon &lt;em&gt;Les coiffeurs du Sud&lt;\\\/em&gt;. &lt;strong&gt;Jean-Philippe&lt;\\\/strong&gt; est un fervent d\\u00e9fenseur de la cr\\u00e9ativit\\u00e9, de la convivialit\\u00e9 et du partage autour du monde artistique du cheveu. Et pour la premi\\u00e8re fois, il sera accueilli au &lt;em&gt;Bal des Cr\\u00e9ateurs&lt;\\\/em&gt; \\u00e0 Gen\\u00e8ve pour un stage exceptionnel.&lt;\\\/p&gt;&lt;p&gt;\\ud83c\\udf1f &lt;strong&gt;Ses sp\\u00e9cialit\\u00e9s&lt;\\\/strong&gt; : Sa technique se d\\u00e9marque par une approche anglo-saxonne, consid\\u00e9rant le cheveu comme une mati\\u00e8re \\u00e0 part enti\\u00e8re. Il ma\\u00eetrise \\u00e0 la perfection des coupes courtes d\\u00e9structur\\u00e9es comme le \\&quot;five point cut\\&quot;, et propose des coupes graphiques et asym\\u00e9triques selon une technique in\\u00e9dite et avant-gardiste.&lt;\\\/p&gt;&lt;p&gt;\\ud83d\\uddd3\\ufe0f &lt;strong&gt;Dates &amp;amp; Horaires&lt;\\\/strong&gt; : Le stage se tiendra sur trois jours cons\\u00e9cutifs, du 24 au 26 septembre. Les sessions sont pr\\u00e9vues de 9h \\u00e0 17h.&lt;\\\/p&gt;&lt;p&gt;\\ud83d\\udd34 &lt;strong&gt;Pr\\u00e9sence&lt;\\\/strong&gt; : Tous les participants doivent \\u00eatre pr\\u00e9sents pendant les trois jours complets de la formation afin d&#039;assurer une exp\\u00e9rience compl\\u00e8te et une coh\\u00e9rence dans l&#039;apprentissage.&lt;\\\/p&gt;&lt;p&gt;\\ud83d\\udcb0 &lt;strong&gt;Tarif&lt;\\\/strong&gt; : 600 CHF (la totalit\\u00e9 de la prestation, 3 jours)&lt;\\\/p&gt;&lt;p&gt;&lt;strong&gt;R\\u00e9servez Votre Place&lt;\\\/strong&gt; : Les places sont tr\\u00e8s limit\\u00e9es. Pour plus d&#039;informations ou pour r\\u00e9server votre place, veuillez contacter Aur\\u00e9lie au 022 320 00 55.&lt;\\\/p&gt;&lt;p&gt;&lt;strong&gt;Ne manquez pas cette occasion unique de vous former avec l&#039;un des meilleurs dans le domaine de la coiffure !\\u00a0&lt;\\\/strong&gt;&lt;\\\/p&gt;&quot;,&quot;start&quot;:&quot;2023-09-26 09:00&quot;,&quot;end&quot;:&quot;2023-09-26 17:00:01&quot;,&quot;borderColor&quot;:&quot;#B59175&quot;,&quot;textColor&quot;:&quot;#F4F4F4&quot;,&quot;color&quot;:&quot;#B59175&quot;,&quot;url&quot;:&quot;&quot;,&quot;allDay&quot;:&quot;&quot;,&quot;external&quot;:&quot;&quot;,&quot;nofollow&quot;:&quot;&quot;,&quot;is_redirect&quot;:&quot;&quot;,&quot;custom_attributes&quot;:[],&quot;location&quot;:&quot;&quot;,&quot;category&quot;:&quot;&quot;,&quot;event_link&quot;:{&quot;url&quot;:&quot;&quot;,&quot;is_external&quot;:&quot;&quot;,&quot;nofollow&quot;:&quot;&quot;,&quot;custom_attributes&quot;:&quot;&quot;}},{&quot;id&quot;:10,&quot;title&quot;:&quot;GLAM NIGHT #3&quot;,&quot;description&quot;:&quot;&lt;p&gt;En partenariat avec &lt;strong&gt;Grand Th\\u00e9\\u00e2tre de Gen\\u00e8ve&lt;\\\/strong&gt;.\\u00a0&lt;\\\/p&gt;&lt;h4&gt;Glam Night:&lt;br \\\/&gt;Mar\\u00eda de Buenos Aires&lt;\\\/h4&gt;&lt;div class=\\&quot;texte\\&quot;&gt;&lt;p&gt;&lt;span style=\\&quot;text-decoration: underline;\\&quot;&gt;Mardi 31 octobre 2023 \\u00e0 19h&lt;\\\/span&gt;&lt;\\\/p&gt;&lt;\\\/div&gt;&lt;h5&gt;Une \\u00ab Glam Night \\u00bb, qu\\u2019est-ce que c\\u2019est ?&lt;\\\/h5&gt;&lt;div class=\\&quot;texte\\&quot;&gt;&lt;ul&gt;&lt;li&gt;Une soir\\u00e9e o\\u00f9 l\\u2019on s\\u2019habille pour l\\u2019occasion&lt;\\\/li&gt;&lt;li&gt;Un spectacle magnifique&lt;\\\/li&gt;&lt;li&gt;Une After-party dans les Foyers avec DJ et restauration jusqu\\u2019\\u00e0 minuit&lt;\\\/li&gt;&lt;li&gt;L\\u2019occasion de se faire coiffer et photographier par l\\u2019\\u00e9quipe du Bal des Cr\\u00e9ateurs&lt;\\\/li&gt;&lt;li&gt;Un prix \\u00ab &lt;strong&gt;Glam Night&lt;\\\/strong&gt; \\u00bb d\\u00e9cern\\u00e9 par &lt;em&gt;Le Bal des Cr\\u00e9ateurs&lt;\\\/em&gt;&lt;\\\/li&gt;&lt;li&gt;Un Meet&amp;amp;Greet avec les artistes du &lt;em&gt;Mar\\u00eda de Buenos Aires&lt;\\\/em&gt;&lt;\\\/li&gt;&lt;\\\/ul&gt;&lt;h5&gt;Alors, ready to dress up ?&lt;\\\/h5&gt;&lt;div class=\\&quot;texte\\&quot;&gt;&lt;p&gt;Le temps d\\u2019une soir\\u00e9e, on se met sur son trente-et-un, on se pare de ses plus beaux atours, des plus extravagants ou des plus glamour et on se presse au spectacle et \\u00e0 l\\u2019after-party qui s\\u2019ensuit ! C\\u2019est rare, c\\u2019est festif, c\\u2019est la \\u00ab &lt;strong&gt;Glam Night&lt;\\\/strong&gt; \\u00bb. Cette soir\\u00e9e est uniquement accessible aux d\\u00e9tenteur\\u00b7rice\\u00b7s d\\u2019un billet pour le spectacle du soir-m\\u00eame.&lt;\\\/p&gt;&lt;\\\/div&gt;&lt;h5&gt;Votre soir\\u00e9e&lt;\\\/h5&gt;&lt;div class=\\&quot;texte\\&quot;&gt;&lt;p&gt;Petit d\\u00e9roul\\u00e9 de ce qui attend tou\\u00b7te\\u00b7s les spectateurs\\u00b7rice\\u00b7s de la repr\\u00e9sentation de &lt;em&gt;Mar\\u00eda de Buenos Aires&lt;\\\/em&gt; le 31 octobre 2023.&lt;\\\/p&gt;&lt;ul&gt;&lt;li&gt;&lt;em&gt;Le Grand Th\\u00e9\\u00e2tre&lt;\\\/em&gt; vous accueille dans une ambiance tr\\u00e8s sp\\u00e9ciale&lt;\\\/li&gt;&lt;li&gt;Vous assistez \\u00e0 la repr\\u00e9sentation du &lt;em&gt;Mar\\u00eda de Buenos Aires&lt;\\\/em&gt;.&lt;\\\/li&gt;&lt;li&gt;\\u00c0 l\\u2019issue de la repr\\u00e9sentation, assistez \\u00e0 une After-party avec un DJ set dans les Foyers du th\\u00e9\\u00e2tre relook\\u00e9s pour l\\u2019occasion. Petit restauration, cocktail et champagne pr\\u00e9vus*.&lt;\\\/li&gt;&lt;li&gt;Un photographe vous attend devant un photo call pour immortaliser ce moment et votre tenue et coiffure du soir tr\\u00e8s \\u00ab &lt;strong&gt;Glam Night&lt;\\\/strong&gt; \\u00bb et participez au concours Glam avec &lt;em&gt;Le Bal des Cr\\u00e9ateurs&lt;\\\/em&gt;&lt;\\\/li&gt;&lt;li&gt;Durant l\\u2019After-party vous aurez aussi l\\u2019occasion de rencontrer des artistes de la production&lt;\\\/li&gt;&lt;\\\/ul&gt;&lt;p&gt;*&lt;em&gt;Les consommations ne sont pas incluses dans le prix du billet du spectacle.&lt;\\\/em&gt;&lt;\\\/p&gt;&lt;\\\/div&gt;&lt;h5&gt;En partenariat avec Grand Th\\u00e9\\u00e2tre de Gen\\u00e8ve&lt;\\\/h5&gt;&lt;div class=\\&quot;texte\\&quot;&gt;&lt;p&gt;&lt;em&gt;Le Grand Th\\u00e9\\u00e2tre de Gen\\u00e8ve&lt;\\\/em&gt;, l&#039;un des joyaux culturels de la Suisse, est reconnu pour sa programmation artistique de classe mondiale, ses productions innovantes et son engagement envers la communaut\\u00e9. Depuis ses d\\u00e9buts, il a \\u00e9t\\u00e9 le lieu de nombreuses premi\\u00e8res mondiales et a accueilli certains des artistes les plus renomm\\u00e9s de l&#039;op\\u00e9ra, du ballet et du th\\u00e9\\u00e2tre. Dans le cadre de son d\\u00e9sir constant d&#039;innovation et de collaboration, &lt;em&gt;Le Grand Th\\u00e9\\u00e2tre&lt;\\\/em&gt; s&#039;associe \\u00e0 nouveau \\u00e0 &lt;em&gt;Le Bal des Cr\\u00e9ateurs&lt;\\\/em&gt; pour la troisi\\u00e8me \\u00e9dition de la &lt;strong&gt;Glam Night&lt;\\\/strong&gt;.&lt;\\\/p&gt;&lt;p&gt;Pour la \\u00ab &lt;strong&gt;Glam Night&lt;\\\/strong&gt; \\u00bb, &lt;em&gt;Le Bal des Cr\\u00e9ateurs&lt;\\\/em&gt; devient aussi jury pour d\\u00e9cerner le prix \\u00ab &lt;strong&gt;Glam Night&lt;\\\/strong&gt; \\u00bb. L\\u2019heureu\\u00b7x\\u00b7se \\u00e9lu\\u00b7e se verra offrir des places de spectacles au GTG, des coupes de champagne et de cheveux.&lt;\\\/p&gt;&lt;p&gt;&lt;img class=\\&quot;aligncenter size-full wp-image-23814\\&quot; src=\\&quot;https:\\\/\\\/www.lebaldescreateurs.com\\\/wp-content\\\/uploads\\\/2023\\\/10\\\/GTG_23-24_Banner_le_bal_des_createurs_coiffeur_geneve_GlamNight_01.jpg\\&quot; alt=\\&quot;\\&quot; width=\\&quot;1080\\&quot; height=\\&quot;1080\\&quot; \\\/&gt;&lt;\\\/p&gt;&lt;\\\/div&gt;&lt;\\\/div&gt;&quot;,&quot;start&quot;:&quot;2023-10-31 19:00&quot;,&quot;end&quot;:&quot;2023-10-31 23:45:01&quot;,&quot;borderColor&quot;:&quot;#B59175&quot;,&quot;textColor&quot;:&quot;#F4F4F4&quot;,&quot;color&quot;:&quot;#B59175&quot;,&quot;url&quot;:&quot;https:\\\/\\\/www.gtg.ch\\\/saison-23-24\\\/maria-de-buenos-aires\\\/glam-night\\\/&quot;,&quot;allDay&quot;:&quot;&quot;,&quot;external&quot;:&quot;&quot;,&quot;nofollow&quot;:&quot;&quot;,&quot;is_redirect&quot;:&quot;&quot;,&quot;custom_attributes&quot;:[],&quot;location&quot;:&quot;&quot;,&quot;category&quot;:&quot;&quot;,&quot;event_link&quot;:{&quot;url&quot;:&quot;https:\\\/\\\/www.gtg.ch\\\/saison-23-24\\\/maria-de-buenos-aires\\\/glam-night\\\/&quot;,&quot;is_external&quot;:&quot;&quot;,&quot;nofollow&quot;:&quot;&quot;,&quot;custom_attributes&quot;:&quot;&quot;}},{&quot;id&quot;:11,&quot;title&quot;:&quot;D\\u00e9fil\\u00e9 mode HEAD 2023&quot;,&quot;description&quot;:&quot;&lt;p&gt;&lt;strong&gt;&lt;em&gt;Le Bal des Cr\\u00e9ateurs&lt;\\\/em&gt;&lt;\\\/strong&gt; en partenariat avec &lt;strong&gt;l&#039;universit\\u00e9 HEAD Gen\\u00e8ve.\\u00a0&lt;\\\/strong&gt;&lt;\\\/p&gt;&lt;p&gt;Cette ann\\u00e9e encore l&lt;strong&gt;e D\\u00e9fil\\u00e9 de Mode de la HEAD&lt;\\\/strong&gt; se r\\u00e9invente avec un \\u00e9v\\u00e9nement r\\u00e9unissant pr\\u00e8s de 2000 personnes, dont &lt;strong&gt;les talents de demain&lt;\\\/strong&gt;, un jury international et des repr\\u00e9sentants des m\\u00e9dias du monde\\u00a0entier.&lt;br \\\/&gt;&lt;br \\\/&gt;Chaque ann\\u00e9e, les dipl\\u00f4m\\u00e9-e-x-s de la HEAD sont rep\\u00e9r\\u00e9-e-x-s par les plus grands marques de mode.&lt;strong&gt; Venez les d\\u00e9couvrir en avant-premi\\u00e8re le\\u00a0&lt;\\\/strong&gt;&lt;br \\\/&gt;&lt;br \\\/&gt;&lt;strong&gt;Vendredi 3 novembre 2023&lt;\\\/strong&gt;&lt;br \\\/&gt;Au\\u00a0Cube, Campus HEAD&lt;br \\\/&gt;7, avenue de Ch\\u00e2telaine&lt;br \\\/&gt;1203 Gen\\u00e8ve&lt;\\\/p&gt;&lt;p class=\\&quot;size-16-15753eJzz9HPyjwAABGYBgQ\\&quot; lang=\\&quot;x-size-16\\&quot;&gt;&lt;span class=\\&quot;\\&quot;&gt;&lt;strong&gt;D\\u00e9fil\\u00e9 de 19h00&lt;\\\/strong&gt;&lt;br \\\/&gt;18h00 \\u2013 Ouverture des portes&lt;br \\\/&gt;19h00 \\u2013 D\\u00e9fil\\u00e9&lt;\\\/span&gt;&lt;\\\/p&gt;&lt;p class=\\&quot;size-16-15753eJzz9HPyjwAABGYBgQ\\&quot; lang=\\&quot;x-size-16\\&quot;&gt;&lt;span class=\\&quot;\\&quot;&gt;&lt;strong&gt;D\\u00e9fil\\u00e9 de 21h00&lt;\\\/strong&gt;&lt;br \\\/&gt;20h00 \\u2013 Ouverture des portes&lt;br \\\/&gt;21h00 \\u2013 D\\u00e9fil\\u00e9&lt;\\\/span&gt;&lt;\\\/p&gt;&lt;p class=\\&quot;size-16-15753eJzz9HPyjwAABGYBgQ\\&quot; lang=\\&quot;x-size-16\\&quot;&gt;&lt;span class=\\&quot;\\&quot;&gt;&lt;strong&gt;Fashion Party\\u00a0dans Le Cube&lt;\\\/strong&gt;&lt;br \\\/&gt;22h15 \\u2013 Fashion Party\\u00a0&lt;br \\\/&gt;24h00 \\u2013 Fin de la soir\\u00e9e&lt;\\\/span&gt;&lt;\\\/p&gt;&lt;p lang=\\&quot;x-size-16\\&quot;&gt;&lt;img class=\\&quot;aligncenter size-full wp-image-23830\\&quot; src=\\&quot;https:\\\/\\\/www.lebaldescreateurs.com\\\/wp-content\\\/uploads\\\/2023\\\/10\\\/defile_head_le_bal_des_createurs_coiffeur_geneve.jpg\\&quot; alt=\\&quot;\\&quot; width=\\&quot;900\\&quot; height=\\&quot;1276\\&quot; \\\/&gt;&lt;\\\/p&gt;&lt;p&gt;\\u00a0&lt;\\\/p&gt;&quot;,&quot;start&quot;:&quot;2023-11-03 19:00&quot;,&quot;end&quot;:&quot;2023-11-03 23:45:01&quot;,&quot;borderColor&quot;:&quot;#B59175&quot;,&quot;textColor&quot;:&quot;#F4F4F4&quot;,&quot;color&quot;:&quot;#B59175&quot;,&quot;url&quot;:&quot;&quot;,&quot;allDay&quot;:&quot;&quot;,&quot;external&quot;:&quot;&quot;,&quot;nofollow&quot;:&quot;&quot;,&quot;is_redirect&quot;:&quot;&quot;,&quot;custom_attributes&quot;:[],&quot;location&quot;:&quot;&quot;,&quot;category&quot;:&quot;&quot;,&quot;event_link&quot;:{&quot;url&quot;:&quot;&quot;,&quot;is_external&quot;:&quot;&quot;,&quot;nofollow&quot;:&quot;&quot;,&quot;custom_attributes&quot;:&quot;&quot;}},{&quot;id&quot;:12,&quot;title&quot;:&quot;Octobre Rose avec BMW Automobiles&quot;,&quot;description&quot;:&quot;&lt;p&gt;&lt;strong&gt;\\u00c9v\\u00e9nement Octobre Rose pour le D\\u00e9pistage du Cancer&lt;\\\/strong&gt;&lt;\\\/p&gt;&lt;p&gt;&lt;strong&gt;Date et Heure:&lt;\\\/strong&gt; Jeudi 12 Octobre, de 18h \\u00e0 21h&lt;br \\\/&gt;&lt;strong&gt;Lieu:&lt;\\\/strong&gt; FACCHINETTI GENEVE-MEYRIN (BMW automobiles)&lt;\\\/p&gt;&lt;p&gt;Rejoignez-nous pour une soir\\u00e9e exceptionnelle d\\u00e9di\\u00e9e \\u00e0 la beaut\\u00e9, la f\\u00e9minit\\u00e9, et la cause du d\\u00e9pistage du cancer. Le Bal des Cr\\u00e9ateurs sera l\\u00e0 pour sublimer votre image \\u00e0 travers des consultations beaut\\u00e9 exclusives, des transformations capillaires, et bien plus.&lt;\\\/p&gt;&lt;p&gt;Notre photographe talentueux, Jonathan Lanfrit, capturera ces moments pr\\u00e9cieux.&lt;\\\/p&gt;&quot;,&quot;start&quot;:&quot;2023-10-12 18:00&quot;,&quot;end&quot;:&quot;2023-10-12 21:00:01&quot;,&quot;borderColor&quot;:&quot;#B59175&quot;,&quot;textColor&quot;:&quot;#F4F4F4&quot;,&quot;color&quot;:&quot;#B59175&quot;,&quot;url&quot;:&quot;&quot;,&quot;allDay&quot;:&quot;&quot;,&quot;external&quot;:&quot;&quot;,&quot;nofollow&quot;:&quot;&quot;,&quot;is_redirect&quot;:&quot;&quot;,&quot;custom_attributes&quot;:[],&quot;location&quot;:&quot;&quot;,&quot;category&quot;:&quot;&quot;,&quot;event_link&quot;:{&quot;url&quot;:&quot;&quot;,&quot;is_external&quot;:&quot;&quot;,&quot;nofollow&quot;:&quot;&quot;,&quot;custom_attributes&quot;:&quot;&quot;}},{&quot;id&quot;:13,&quot;title&quot;:&quot;Formation avec Ch\\u00e9rif Messaoudi: coupe carr\\u00e9e&quot;,&quot;description&quot;:&quot;&lt;p&gt;&lt;b&gt;Plus d&#039;informations sera communiqu\\u00e9 prochainement&lt;\\\/b&gt;&lt;\\\/p&gt;&quot;,&quot;start&quot;:&quot;2024-02-19 10:00&quot;,&quot;end&quot;:&quot;2024-02-19 19:00:01&quot;,&quot;borderColor&quot;:&quot;#B59175&quot;,&quot;textColor&quot;:&quot;#F4F4F4&quot;,&quot;color&quot;:&quot;#B59175&quot;,&quot;url&quot;:&quot;&quot;,&quot;allDay&quot;:&quot;&quot;,&quot;external&quot;:&quot;&quot;,&quot;nofollow&quot;:&quot;&quot;,&quot;is_redirect&quot;:&quot;&quot;,&quot;custom_attributes&quot;:[],&quot;location&quot;:&quot;&quot;,&quot;category&quot;:&quot;&quot;,&quot;event_link&quot;:{&quot;url&quot;:&quot;&quot;,&quot;is_external&quot;:&quot;&quot;,&quot;nofollow&quot;:&quot;&quot;,&quot;custom_attributes&quot;:&quot;&quot;}},{&quot;id&quot;:14,&quot;title&quot;:&quot;Formation avec Ch\\u00e9rif Messaoudi: coupe carr\\u00e9e&quot;,&quot;description&quot;:&quot;&lt;p&gt;&lt;b&gt;Plus d&#039;informations sera communiqu\\u00e9 prochainement&lt;\\\/b&gt;&lt;\\\/p&gt;&quot;,&quot;start&quot;:&quot;2024-03-04 10:00&quot;,&quot;end&quot;:&quot;2024-03-04 19:00:01&quot;,&quot;borderColor&quot;:&quot;#B59175&quot;,&quot;textColor&quot;:&quot;#F4F4F4&quot;,&quot;color&quot;:&quot;#B59175&quot;,&quot;url&quot;:&quot;&quot;,&quot;allDay&quot;:&quot;&quot;,&quot;external&quot;:&quot;&quot;,&quot;nofollow&quot;:&quot;&quot;,&quot;is_redirect&quot;:&quot;&quot;,&quot;custom_attributes&quot;:[],&quot;location&quot;:&quot;&quot;,&quot;category&quot;:&quot;&quot;,&quot;event_link&quot;:{&quot;url&quot;:&quot;&quot;,&quot;is_external&quot;:&quot;&quot;,&quot;nofollow&quot;:&quot;&quot;,&quot;custom_attributes&quot;:&quot;&quot;}},{&quot;id&quot;:15,&quot;title&quot;:&quot;March\\u00e9 de No\\u00ebl au Bal des Cr\\u00e9ateurs&quot;,&quot;description&quot;:&quot;&lt;p&gt;&lt;b&gt;Plus d&#039;informations sera communiqu\\u00e9 prochainement&lt;\\\/b&gt;&lt;\\\/p&gt;&quot;,&quot;start&quot;:&quot;2023-12-05 10:00&quot;,&quot;end&quot;:&quot;2023-12-31 19:00:01&quot;,&quot;borderColor&quot;:&quot;#B59175&quot;,&quot;textColor&quot;:&quot;#F4F4F4&quot;,&quot;color&quot;:&quot;#B59175&quot;,&quot;url&quot;:&quot;&quot;,&quot;allDay&quot;:&quot;&quot;,&quot;external&quot;:&quot;&quot;,&quot;nofollow&quot;:&quot;&quot;,&quot;is_redirect&quot;:&quot;&quot;,&quot;custom_attributes&quot;:[],&quot;location&quot;:&quot;&quot;,&quot;category&quot;:&quot;&quot;,&quot;event_link&quot;:{&quot;url&quot;:&quot;&quot;,&quot;is_external&quot;:&quot;&quot;,&quot;nofollow&quot;:&quot;&quot;,&quot;custom_attributes&quot;:&quot;&quot;}},{&quot;id&quot;:16,&quot;title&quot;:&quot;Vernissage Mode: Carenas de Cuba&quot;,&quot;description&quot;:&quot;&lt;p&gt;Le 6 mars, Plainpalais va vibrer au rythme de Cuba avec le vernissage de TILED HAVANA par CARENAS. On t&#039;invite \\u00e0 plonger dans un Cuba r\\u00e9invent\\u00e9, o\\u00f9 mode et histoire fusionnent pour un pr\\u00e9sentation au Bal des Cr\\u00e9ateurs d\\u00e8s 19h.&lt;\\\/p&gt;&lt;p&gt;Des accessoires qui racontent des histoires, un pont entre pass\\u00e9 et futur audacieux, le tout sign\\u00e9 par les cr\\u00e9ateurs Manuel Olivera et Raisa Cortina.&lt;\\\/p&gt;&lt;p&gt;&lt;strong&gt;Ce qui t\\u2019attend :&lt;\\\/strong&gt;&lt;\\\/p&gt;&lt;ul&gt;&lt;li&gt;&lt;strong&gt;O\\u00f9 ?&lt;\\\/strong&gt; Bal des Cr\\u00e9ateurs, Rue de l&#039;Arquebuse 25&lt;\\\/li&gt;&lt;li&gt;&lt;strong&gt;Quand ?&lt;\\\/strong&gt; 6 mars, coup d\\u2019envoi \\u00e0 19h&lt;\\\/li&gt;&lt;li&gt;&lt;strong&gt;Au menu ?&lt;\\\/strong&gt; Mode, art, cocktails cubains, et toi (oui, toi !)&lt;\\\/li&gt;&lt;\\\/ul&gt;&lt;p&gt;&lt;strong&gt;Pr\\u00eat(e) pour l&#039;aventure latine ?&lt;\\\/strong&gt;&lt;\\\/p&gt;&lt;p&gt;&lt;img class=\\&quot;aligncenter size-full wp-image-25376\\&quot; src=\\&quot;https:\\\/\\\/www.lebaldescreateurs.com\\\/wp-content\\\/uploads\\\/2024\\\/02\\\/le_bal_des_createurs_carenas_vernissage-scaled.jpg\\&quot; alt=\\&quot;\\&quot; width=\\&quot;1837\\&quot; height=\\&quot;2560\\&quot; \\\/&gt;&lt;\\\/p&gt;&quot;,&quot;start&quot;:&quot;2024-03-06 19:00&quot;,&quot;end&quot;:&quot;2024-03-06 22:00:01&quot;,&quot;borderColor&quot;:&quot;#B59175&quot;,&quot;textColor&quot;:&quot;#F4F4F4&quot;,&quot;color&quot;:&quot;#B59175&quot;,&quot;url&quot;:&quot;&quot;,&quot;allDay&quot;:&quot;&quot;,&quot;external&quot;:&quot;&quot;,&quot;nofollow&quot;:&quot;&quot;,&quot;is_redirect&quot;:&quot;&quot;,&quot;custom_attributes&quot;:[],&quot;location&quot;:&quot;&quot;,&quot;category&quot;:&quot;&quot;,&quot;event_link&quot;:{&quot;url&quot;:&quot;&quot;,&quot;is_external&quot;:&quot;&quot;,&quot;nofollow&quot;:&quot;&quot;,&quot;custom_attributes&quot;:&quot;&quot;}},{&quot;id&quot;:17,&quot;title&quot;:&quot;Dyson: lancement Airstrait Suisse&quot;,&quot;description&quot;:&quot;&lt;p&gt;&lt;b&gt;Plus d&#039;informations sera communiqu\\u00e9 prochainement&lt;\\\/b&gt;&lt;\\\/p&gt;&quot;,&quot;start&quot;:&quot;2024-03-07 10:00&quot;,&quot;end&quot;:&quot;2024-03-07 17:00:01&quot;,&quot;borderColor&quot;:&quot;#B59175&quot;,&quot;textColor&quot;:&quot;#F4F4F4&quot;,&quot;color&quot;:&quot;#B59175&quot;,&quot;url&quot;:&quot;&quot;,&quot;allDay&quot;:&quot;&quot;,&quot;external&quot;:&quot;&quot;,&quot;nofollow&quot;:&quot;&quot;,&quot;is_redirect&quot;:&quot;&quot;,&quot;custom_attributes&quot;:[],&quot;location&quot;:&quot;&quot;,&quot;category&quot;:&quot;&quot;,&quot;event_link&quot;:{&quot;url&quot;:&quot;&quot;,&quot;is_external&quot;:&quot;&quot;,&quot;nofollow&quot;:&quot;&quot;,&quot;custom_attributes&quot;:&quot;&quot;}},{&quot;id&quot;:18,&quot;title&quot;:&quot;GLAM NIGHT 4&quot;,&quot;description&quot;:&quot;&lt;p&gt;&lt;img class=\\&quot;aligncenter size-full wp-image-27528\\&quot; src=\\&quot;https:\\\/\\\/www.lebaldescreateurs.com\\\/wp-content\\\/uploads\\\/2024\\\/05\\\/GTG_23-24_Flyer_A6_GlamNight4_le-bal-des-createurs-scaled.jpg\\&quot; alt=\\&quot;\\&quot; width=\\&quot;2560\\&quot; height=\\&quot;1804\\&quot; \\\/&gt;&lt;\\\/p&gt;&quot;,&quot;start&quot;:&quot;2024-06-06 20:00&quot;,&quot;end&quot;:&quot;2024-06-06 23:00:01&quot;,&quot;borderColor&quot;:&quot;#B59175&quot;,&quot;textColor&quot;:&quot;#F4F4F4&quot;,&quot;color&quot;:&quot;#B59175&quot;,&quot;url&quot;:&quot;https:\\\/\\\/www.gtg.ch\\\/saison-23-24\\\/roberto-devereux\\\/glam-night\\\/&quot;,&quot;allDay&quot;:&quot;&quot;,&quot;external&quot;:&quot;&quot;,&quot;nofollow&quot;:&quot;&quot;,&quot;is_redirect&quot;:&quot;&quot;,&quot;custom_attributes&quot;:[],&quot;location&quot;:&quot;&quot;,&quot;category&quot;:&quot;&quot;,&quot;event_link&quot;:{&quot;url&quot;:&quot;https:\\\/\\\/www.gtg.ch\\\/saison-23-24\\\/roberto-devereux\\\/glam-night\\\/&quot;,&quot;is_external&quot;:&quot;&quot;,&quot;nofollow&quot;:&quot;&quot;,&quot;custom_attributes&quot;:&quot;&quot;}}]\"\n            data-thumbnail_position = \"\"\n            data-first_day=\"1\"><\/div><div id=\"eaelecModal\" class=\"eaelec-modal eael-zoom-in\">\n            <div class=\"eaelec-modal-content\">\n                <div class=\"eaelec-modal-header\">\n                    <div class=\"eaelec-modal-close\"><span><i class=\"fas fa-times\"><\/i><\/span><\/div>\n                    <h2 class=\"eael-ec-modal-title\"><\/h2>\n                    <span class=\"eaelec-event-date-start eaelec-event-popup-date\"><\/span>\n                    <span class=\"eaelec-event-date-end eaelec-event-popup-date\"><\/span>\n                    <span class=\"eaelec-event-location eaelec-event-popup-location\" style=\"display: none;\"><\/span>\n                <\/div>\n                <div class=\"eaelec-modal-body\">\n                    <p><\/p>\n                <\/div>\n                <div class=\"eaelec-modal-footer\">\n                    <a class=\"eaelec-event-details-link\">PLUS D&#039;INFOS<\/a>\n                <\/div>\n            <\/div>\n        <\/div><\/div>\t\t\t\t<\/div>\n\t\t\t\t<\/div>\n\t\t\t\t\t<\/div>\n\t\t\t\t<\/div>\n\t\t\t\t<\/div>\n\t\t","protected":false},"excerpt":{"rendered":"<p>Agenda Unsere Veranstaltungen Modenschauen, Performances, berufliche Fortbildungen, Fotoausstellungen, Magazinver\u00f6ffentlichungen, Konzerte oder Filmvorf\u00fchrungen \u2013 Le Bal des Cr\u00e9ateurs ist ganz im Heute verankert und hat das Ziel, die Kreativit\u00e4t aus der Schweiz und dar\u00fcber hinaus zu f\u00f6rdern. Der multifunktionale Raum (zur Vermietung verf\u00fcgbar) bietet eine einzigartige Handlungsfreiheit in Genf: Fotostudio, private Veranstaltungen, Schulungen, Kurse&#8230; die Vielseitigkeit eines Ortes, der den Ideen dient. Neben diesen Aktivit\u00e4ten beherbergt der Raum auch kreative Workshops, berufliche Seminare, Co-Working-Sitzungen, Vernissagen und Themenabende. Unser vielseitiger Ort bietet somit eine dynamische Plattform f\u00fcr Kreative, K\u00fcnstler und Unternehmer, die ihre Projekte erkunden und teilen m\u00f6chten. Ein Talentpool im Herzen der Stadt. Kontaktieren Sie uns PLUS D&#039;INFOS<\/p>\n","protected":false},"author":3,"featured_media":0,"parent":0,"menu_order":0,"comment_status":"closed","ping_status":"closed","template":"","meta":{"footnotes":""},"class_list":["post-22398","page","type-page","status-publish","hentry"],"_links":{"self":[{"href":"https:\/\/www.lebaldescreateurs.com\/de\/wp-json\/wp\/v2\/pages\/22398","targetHints":{"allow":["GET"]}}],"collection":[{"href":"https:\/\/www.lebaldescreateurs.com\/de\/wp-json\/wp\/v2\/pages"}],"about":[{"href":"https:\/\/www.lebaldescreateurs.com\/de\/wp-json\/wp\/v2\/types\/page"}],"author":[{"embeddable":true,"href":"https:\/\/www.lebaldescreateurs.com\/de\/wp-json\/wp\/v2\/users\/3"}],"replies":[{"embeddable":true,"href":"https:\/\/www.lebaldescreateurs.com\/de\/wp-json\/wp\/v2\/comments?post=22398"}],"version-history":[{"count":0,"href":"https:\/\/www.lebaldescreateurs.com\/de\/wp-json\/wp\/v2\/pages\/22398\/revisions"}],"wp:attachment":[{"href":"https:\/\/www.lebaldescreateurs.com\/de\/wp-json\/wp\/v2\/media?parent=22398"}],"curies":[{"name":"wp","href":"https:\/\/api.w.org\/{rel}","templated":true}]}}